{"id":100,"date":"2022-08-31T00:41:04","date_gmt":"2022-08-30T22:41:04","guid":{"rendered":"http:\/\/asqporn.cluster030.hosting.ovh.net\/?page_id=100"},"modified":"2024-01-25T17:21:04","modified_gmt":"2024-01-25T16:21:04","slug":"territoire-zero-dechet","status":"publish","type":"page","link":"https:\/\/www.asqp.org\/?page_id=100","title":{"rendered":"Territoire Z\u00e9ro D\u00e9chet"},"content":{"rendered":"\n<p class=\"has-neve-link-hover-color-color has-text-color has-link-color has-medium-font-size wp-elements-1d8aae6c5718cdfbb0d02a220320e64d\">De novembre 2022 \u00e0 novembre 2023, l\u2019ASQP a \u00e9t\u00e9 charg\u00e9e par la mairie de Paris d\u2019une mission \u00ab z\u00e9ro d\u00e9chet \u00bb sur le territoire du quartier Popincourt. Il s\u2019agissait de sensibiliser les habitants et les commer\u00e7ants aux bons gestes de tri et \u00e0 la r\u00e9duction des d\u00e9chets. <\/p>\n\n\n\n<p class=\"has-neve-link-hover-color-color has-text-color has-link-color has-medium-font-size wp-elements-c9f13691852203b1107eb69025759e20\">L\u2019ASQP s\u2019est lanc\u00e9e dans un certain nombre d\u2019\u00e9v\u00e8nements et d\u2019actions visant \u00e0 sensibiliser au \u00ab z\u00e9ro d\u00e9chet \u00bb et faire d\u00e9couvrir aux habitants du quartier les lieux engag\u00e9s.<\/p>\n\n\n\n<p class=\"has-neve-link-hover-color-color has-text-color has-link-color has-medium-font-size wp-elements-6275a436f10b176470db72ebbf4a5038\">L\u2019ASQP d\u00e9bute la mission \u00ab z\u00e9ro d\u00e9chet \u00bb le 26 Novembre 2022 lors autour d\u2019un go\u00fbter amical avec les habitants du quartier Popincourt. Plusieurs animations avaient \u00e9t\u00e9 pr\u00e9vues dont une carte \u00e0 compl\u00e9ter dans l\u2019image ci-dessous. <\/p>\n\n\n<div class=\"wp-block-image\">\n<figure class=\"alignleft size-large is-resized\"><img loading=\"lazy\" decoding=\"async\" width=\"724\" height=\"1024\" src=\"https:\/\/www.asqp.org\/wp-content\/uploads\/2024\/01\/Gouter-Zero-dechet-ASQP-26nov2022-724x1024.png\" alt=\"\" class=\"wp-image-500\" style=\"width:391px;height:auto\" srcset=\"https:\/\/www.asqp.org\/wp-content\/uploads\/2024\/01\/Gouter-Zero-dechet-ASQP-26nov2022-724x1024.png 724w, https:\/\/www.asqp.org\/wp-content\/uploads\/2024\/01\/Gouter-Zero-dechet-ASQP-26nov2022-212x300.png 212w, https:\/\/www.asqp.org\/wp-content\/uploads\/2024\/01\/Gouter-Zero-dechet-ASQP-26nov2022-768x1086.png 768w, https:\/\/www.asqp.org\/wp-content\/uploads\/2024\/01\/Gouter-Zero-dechet-ASQP-26nov2022-1086x1536.png 1086w, https:\/\/www.asqp.org\/wp-content\/uploads\/2024\/01\/Gouter-Zero-dechet-ASQP-26nov2022.png 1414w\" sizes=\"auto, (max-width: 724px) 100vw, 724px\" \/><\/figure>\n<\/div>\n\n<div class=\"wp-block-image\">\n<figure class=\"alignleft size-large is-resized\"><img loading=\"lazy\" decoding=\"async\" width=\"1024\" height=\"768\" src=\"https:\/\/www.asqp.org\/wp-content\/uploads\/2024\/01\/Carte-a-completer-Compost-tri-recyclerie-etc-1-1024x768.jpg\" alt=\"\" class=\"wp-image-501\" style=\"width:465px;height:auto\" srcset=\"https:\/\/www.asqp.org\/wp-content\/uploads\/2024\/01\/Carte-a-completer-Compost-tri-recyclerie-etc-1-1024x768.jpg 1024w, https:\/\/www.asqp.org\/wp-content\/uploads\/2024\/01\/Carte-a-completer-Compost-tri-recyclerie-etc-1-300x225.jpg 300w, https:\/\/www.asqp.org\/wp-content\/uploads\/2024\/01\/Carte-a-completer-Compost-tri-recyclerie-etc-1-768x576.jpg 768w, https:\/\/www.asqp.org\/wp-content\/uploads\/2024\/01\/Carte-a-completer-Compost-tri-recyclerie-etc-1-1536x1152.jpg 1536w, https:\/\/www.asqp.org\/wp-content\/uploads\/2024\/01\/Carte-a-completer-Compost-tri-recyclerie-etc-1-2048x1536.jpg 2048w\" sizes=\"auto, (max-width: 1024px) 100vw, 1024px\" \/><\/figure>\n<\/div>\n\n\n<p><\/p>\n\n\n\n<p><\/p>\n\n\n\n<p><\/p>\n\n\n\n<p><\/p>\n\n\n\n<p><\/p>\n\n\n\n<p><\/p>\n\n\n\n<p><\/p>\n\n\n\n<hr class=\"wp-block-separator has-text-color has-nv-site-bg-color has-alpha-channel-opacity has-nv-site-bg-background-color has-background\"\/>\n\n\n<div class=\"wp-block-image\">\n<figure class=\"alignleft size-large is-resized\"><img loading=\"lazy\" decoding=\"async\" width=\"724\" height=\"1024\" src=\"https:\/\/www.asqp.org\/wp-content\/uploads\/2024\/01\/image-6-724x1024.png\" alt=\"\" class=\"wp-image-392\" style=\"width:406px;height:auto\" srcset=\"https:\/\/www.asqp.org\/wp-content\/uploads\/2024\/01\/image-6-724x1024.png 724w, https:\/\/www.asqp.org\/wp-content\/uploads\/2024\/01\/image-6-212x300.png 212w, https:\/\/www.asqp.org\/wp-content\/uploads\/2024\/01\/image-6-768x1086.png 768w, https:\/\/www.asqp.org\/wp-content\/uploads\/2024\/01\/image-6-1086x1536.png 1086w, https:\/\/www.asqp.org\/wp-content\/uploads\/2024\/01\/image-6.png 1448w\" sizes=\"auto, (max-width: 724px) 100vw, 724px\" \/><\/figure>\n<\/div>\n\n\n<p class=\"has-neve-link-hover-color-color has-text-color has-link-color has-medium-font-size wp-elements-4fda09073bc0b9d4ab2bc6144324f042\">Le 16 Avril 2023, l\u2019ASQP organise la  <strong>Balade de la transition<\/strong>. La balade cherche \u00e0 sensibiliser au \u00ab z\u00e9ro d\u00e9chet \u00bb et \u00e0 exposer les lieux engag\u00e9s. \u00c0 gauche, l\u2019affiche de la balade de la transition et ci-dessous la balade.<\/p>\n\n\n<div class=\"wp-block-image\">\n<figure class=\"alignleft size-large is-resized\"><img loading=\"lazy\" decoding=\"async\" width=\"1024\" height=\"1024\" src=\"https:\/\/www.asqp.org\/wp-content\/uploads\/2024\/01\/balade-1024x1024.png\" alt=\"\" class=\"wp-image-393\" style=\"width:496px;height:auto\" srcset=\"https:\/\/www.asqp.org\/wp-content\/uploads\/2024\/01\/balade-1024x1024.png 1024w, https:\/\/www.asqp.org\/wp-content\/uploads\/2024\/01\/balade-300x300.png 300w, https:\/\/www.asqp.org\/wp-content\/uploads\/2024\/01\/balade-150x150.png 150w, https:\/\/www.asqp.org\/wp-content\/uploads\/2024\/01\/balade-768x768.png 768w, https:\/\/www.asqp.org\/wp-content\/uploads\/2024\/01\/balade.png 1440w\" sizes=\"auto, (max-width: 1024px) 100vw, 1024px\" \/><\/figure>\n<\/div>\n\n\n<hr class=\"wp-block-separator has-text-color has-nv-site-bg-color has-alpha-channel-opacity has-nv-site-bg-background-color has-background\"\/>\n\n\n\n<p><\/p>\n\n\n\n<div class=\"wp-block-columns is-layout-flex wp-container-core-columns-is-layout-9d6595d7 wp-block-columns-is-layout-flex\">\n<div class=\"wp-block-column is-layout-flow wp-block-column-is-layout-flow\" style=\"flex-basis:100%\">\n<p><\/p>\n<\/div>\n<\/div>\n\n\n\n<p><\/p>\n\n\n\n<p><\/p>\n\n\n\n<p><\/p>\n\n\n\n<hr class=\"wp-block-separator has-text-color has-nv-site-bg-color has-alpha-channel-opacity has-nv-site-bg-background-color has-background\"\/>\n\n\n\n<p class=\"has-neve-link-hover-color-color has-text-color has-link-color has-medium-font-size wp-elements-8a2b572b6d505fcf2eb12a48310449a4\">L\u2019ASQP \u00e0 aussi men\u00e9e des actions de<strong> sensibilisation aupr\u00e8s des habitants<\/strong>, dans la rue ou dans les espaces publics comme le jardin Truillot ou la place du p\u00e8re Chaillet ci-dessous.<\/p>\n\n\n<div class=\"wp-block-image\">\n<figure class=\"alignleft size-large is-resized\"><img loading=\"lazy\" decoding=\"async\" width=\"1024\" height=\"933\" src=\"https:\/\/www.asqp.org\/wp-content\/uploads\/2024\/01\/sensibilisation-dans-la-rue-1024x933.jpeg\" alt=\"\" class=\"wp-image-394\" style=\"width:372px;height:auto\" srcset=\"https:\/\/www.asqp.org\/wp-content\/uploads\/2024\/01\/sensibilisation-dans-la-rue-1024x933.jpeg 1024w, https:\/\/www.asqp.org\/wp-content\/uploads\/2024\/01\/sensibilisation-dans-la-rue-300x273.jpeg 300w, https:\/\/www.asqp.org\/wp-content\/uploads\/2024\/01\/sensibilisation-dans-la-rue-768x700.jpeg 768w, https:\/\/www.asqp.org\/wp-content\/uploads\/2024\/01\/sensibilisation-dans-la-rue.jpeg 1080w\" sizes=\"auto, (max-width: 1024px) 100vw, 1024px\" \/><\/figure>\n<\/div>\n\n<div class=\"wp-block-image\">\n<figure class=\"alignleft size-large is-resized\"><img loading=\"lazy\" decoding=\"async\" width=\"1024\" height=\"1024\" src=\"https:\/\/www.asqp.org\/wp-content\/uploads\/2024\/01\/sensibilisation-au-jardin-truillot-1024x1024.png\" alt=\"\" class=\"wp-image-395\" style=\"width:341px;height:auto\" srcset=\"https:\/\/www.asqp.org\/wp-content\/uploads\/2024\/01\/sensibilisation-au-jardin-truillot-1024x1024.png 1024w, https:\/\/www.asqp.org\/wp-content\/uploads\/2024\/01\/sensibilisation-au-jardin-truillot-300x300.png 300w, https:\/\/www.asqp.org\/wp-content\/uploads\/2024\/01\/sensibilisation-au-jardin-truillot-150x150.png 150w, https:\/\/www.asqp.org\/wp-content\/uploads\/2024\/01\/sensibilisation-au-jardin-truillot-768x768.png 768w, https:\/\/www.asqp.org\/wp-content\/uploads\/2024\/01\/sensibilisation-au-jardin-truillot.png 1440w\" sizes=\"auto, (max-width: 1024px) 100vw, 1024px\" \/><\/figure>\n<\/div>\n\n<div class=\"wp-block-image\">\n<figure class=\"alignleft size-large is-resized\"><img loading=\"lazy\" decoding=\"async\" width=\"1024\" height=\"1017\" src=\"https:\/\/www.asqp.org\/wp-content\/uploads\/2024\/01\/sensibilisation-pere-chaillet-1024x1017.png\" alt=\"\" class=\"wp-image-396\" style=\"width:345px;height:auto\" srcset=\"https:\/\/www.asqp.org\/wp-content\/uploads\/2024\/01\/sensibilisation-pere-chaillet-1024x1017.png 1024w, https:\/\/www.asqp.org\/wp-content\/uploads\/2024\/01\/sensibilisation-pere-chaillet-300x298.png 300w, https:\/\/www.asqp.org\/wp-content\/uploads\/2024\/01\/sensibilisation-pere-chaillet-150x150.png 150w, https:\/\/www.asqp.org\/wp-content\/uploads\/2024\/01\/sensibilisation-pere-chaillet-768x763.png 768w, https:\/\/www.asqp.org\/wp-content\/uploads\/2024\/01\/sensibilisation-pere-chaillet.png 1518w\" sizes=\"auto, (max-width: 1024px) 100vw, 1024px\" \/><\/figure>\n<\/div>\n\n\n<p><\/p>\n\n\n\n<hr class=\"wp-block-separator has-text-color has-nv-site-bg-color has-alpha-channel-opacity has-nv-site-bg-background-color has-background\"\/>\n\n\n\n<p><\/p>\n\n\n\n<p class=\"has-neve-link-hover-color-color has-text-color has-link-color has-medium-font-size wp-elements-7de5e31ae84db667116640d9a1be4cf7\"><strong>Animations et \u00e9v\u00e8nements<\/strong><\/p>\n\n\n<div class=\"wp-block-image\">\n<figure class=\"alignleft size-full is-resized\"><img loading=\"lazy\" decoding=\"async\" width=\"512\" height=\"512\" src=\"https:\/\/www.asqp.org\/wp-content\/uploads\/2024\/01\/martine-et-enfants.png\" alt=\"\" class=\"wp-image-397\" style=\"width:425px;height:auto\" srcset=\"https:\/\/www.asqp.org\/wp-content\/uploads\/2024\/01\/martine-et-enfants.png 512w, https:\/\/www.asqp.org\/wp-content\/uploads\/2024\/01\/martine-et-enfants-300x300.png 300w, https:\/\/www.asqp.org\/wp-content\/uploads\/2024\/01\/martine-et-enfants-150x150.png 150w\" sizes=\"auto, (max-width: 512px) 100vw, 512px\" \/><\/figure>\n<\/div>\n\n<div class=\"wp-block-image\">\n<figure class=\"alignleft size-large is-resized\"><img loading=\"lazy\" decoding=\"async\" width=\"768\" height=\"1024\" src=\"https:\/\/www.asqp.org\/wp-content\/uploads\/2024\/01\/image-7-768x1024.png\" alt=\"\" class=\"wp-image-398\" style=\"width:319px;height:auto\" srcset=\"https:\/\/www.asqp.org\/wp-content\/uploads\/2024\/01\/image-7-768x1024.png 768w, https:\/\/www.asqp.org\/wp-content\/uploads\/2024\/01\/image-7-225x300.png 225w, https:\/\/www.asqp.org\/wp-content\/uploads\/2024\/01\/image-7-1152x1536.png 1152w, https:\/\/www.asqp.org\/wp-content\/uploads\/2024\/01\/image-7.png 1536w\" sizes=\"auto, (max-width: 768px) 100vw, 768px\" \/><\/figure>\n<\/div>\n\n\n<p class=\"has-neve-link-hover-color-color has-text-color has-link-color has-medium-font-size wp-elements-e7fec047760122ec8754163737f66206\">Quizz \u00ab z\u00e9ro d\u00e9chet \u00bb organis\u00e9 par l\u2019ASQP \u00e0 l\u2019occasion de la grande Bringue citoyenne organis\u00e9e par la MVAC 11 au Consulat de Paris.<\/p>\n\n\n\n<p><\/p>\n\n\n\n<p><\/p>\n\n\n\n<p><\/p>\n\n\n\n<p><\/p>\n\n\n\n<hr class=\"wp-block-separator has-text-color has-nv-site-bg-color has-alpha-channel-opacity has-nv-site-bg-background-color has-background\"\/>\n\n\n\n<p><\/p>\n\n\n<div class=\"wp-block-image\">\n<figure class=\"alignleft size-full is-resized\"><img loading=\"lazy\" decoding=\"async\" width=\"768\" height=\"1024\" src=\"https:\/\/www.asqp.org\/wp-content\/uploads\/2024\/01\/marche-propre.png\" alt=\"\" class=\"wp-image-399\" style=\"width:424px;height:auto\" srcset=\"https:\/\/www.asqp.org\/wp-content\/uploads\/2024\/01\/marche-propre.png 768w, https:\/\/www.asqp.org\/wp-content\/uploads\/2024\/01\/marche-propre-225x300.png 225w\" sizes=\"auto, (max-width: 768px) 100vw, 768px\" \/><\/figure>\n<\/div>\n\n<div class=\"wp-block-image\">\n<figure class=\"alignleft size-large is-resized\"><img loading=\"lazy\" decoding=\"async\" width=\"768\" height=\"1024\" src=\"https:\/\/www.asqp.org\/wp-content\/uploads\/2024\/01\/atelier-furoshiki-MPAA-768x1024.png\" alt=\"\" class=\"wp-image-400\" style=\"width:424px;height:auto\" srcset=\"https:\/\/www.asqp.org\/wp-content\/uploads\/2024\/01\/atelier-furoshiki-MPAA-768x1024.png 768w, https:\/\/www.asqp.org\/wp-content\/uploads\/2024\/01\/atelier-furoshiki-MPAA-225x300.png 225w, https:\/\/www.asqp.org\/wp-content\/uploads\/2024\/01\/atelier-furoshiki-MPAA-1152x1536.png 1152w, https:\/\/www.asqp.org\/wp-content\/uploads\/2024\/01\/atelier-furoshiki-MPAA.png 1200w\" sizes=\"auto, (max-width: 768px) 100vw, 768px\" \/><\/figure>\n<\/div>\n\n\n<p class=\"has-neve-link-hover-color-color has-text-color has-link-color has-medium-font-size wp-elements-f8fd4d6c9bbbd04e3a216f18eb864b24\">Tout \u00e0 gauche : Marche de ramassage des d\u00e9chets.<\/p>\n\n\n\n<p class=\"has-neve-link-hover-color-color has-text-color has-link-color has-medium-font-size wp-elements-4222400ff7dcfea589ed6eedc235372c\">Ci-contre : Atelier Furoshiki \u00e0 la MVAC du 11\u00e8me. Le Furoshiki consiste \u00e0 emballer des cadeaux avec des textiles dont on ne se sert plus.<\/p>\n\n\n\n<p><\/p>\n\n\n\n<p><\/p>\n\n\n\n<p><\/p>\n\n\n\n<p><\/p>\n\n\n\n<hr class=\"wp-block-separator has-text-color has-nv-site-bg-color has-alpha-channel-opacity has-nv-site-bg-background-color has-background\"\/>\n\n\n<div class=\"wp-block-image\">\n<figure class=\"alignleft size-large is-resized\"><img loading=\"lazy\" decoding=\"async\" width=\"724\" height=\"1024\" src=\"https:\/\/www.asqp.org\/wp-content\/uploads\/2024\/01\/Flyer-Jeu-Parcours-nov23-724x1024.png\" alt=\"\" class=\"wp-image-401\" style=\"width:359px;height:auto\" srcset=\"https:\/\/www.asqp.org\/wp-content\/uploads\/2024\/01\/Flyer-Jeu-Parcours-nov23-724x1024.png 724w, https:\/\/www.asqp.org\/wp-content\/uploads\/2024\/01\/Flyer-Jeu-Parcours-nov23-212x300.png 212w, https:\/\/www.asqp.org\/wp-content\/uploads\/2024\/01\/Flyer-Jeu-Parcours-nov23-768x1086.png 768w, https:\/\/www.asqp.org\/wp-content\/uploads\/2024\/01\/Flyer-Jeu-Parcours-nov23-1086x1536.png 1086w, https:\/\/www.asqp.org\/wp-content\/uploads\/2024\/01\/Flyer-Jeu-Parcours-nov23.png 1240w\" sizes=\"auto, (max-width: 724px) 100vw, 724px\" \/><\/figure>\n<\/div>\n\n<div class=\"wp-block-image\">\n<figure class=\"alignleft size-large is-resized\"><img loading=\"lazy\" decoding=\"async\" width=\"724\" height=\"1024\" src=\"https:\/\/www.asqp.org\/wp-content\/uploads\/2024\/01\/Finale-du-jeu-parcours-23nov2023-724x1024.png\" alt=\"\" class=\"wp-image-402\" style=\"width:361px;height:auto\" srcset=\"https:\/\/www.asqp.org\/wp-content\/uploads\/2024\/01\/Finale-du-jeu-parcours-23nov2023-724x1024.png 724w, https:\/\/www.asqp.org\/wp-content\/uploads\/2024\/01\/Finale-du-jeu-parcours-23nov2023-212x300.png 212w, https:\/\/www.asqp.org\/wp-content\/uploads\/2024\/01\/Finale-du-jeu-parcours-23nov2023-768x1086.png 768w, https:\/\/www.asqp.org\/wp-content\/uploads\/2024\/01\/Finale-du-jeu-parcours-23nov2023-1086x1536.png 1086w, https:\/\/www.asqp.org\/wp-content\/uploads\/2024\/01\/Finale-du-jeu-parcours-23nov2023-1448x2048.png 1448w, https:\/\/www.asqp.org\/wp-content\/uploads\/2024\/01\/Finale-du-jeu-parcours-23nov2023.png 1587w\" sizes=\"auto, (max-width: 724px) 100vw, 724px\" \/><\/figure>\n<\/div>\n\n\n<p class=\"has-neve-link-hover-color-color has-text-color has-link-color has-medium-font-size wp-elements-0bf8b765f6458d3991b7ae560f2197aa\">Flyer et photo du jeu-parcours seconde main organis\u00e9 par l\u2019ASQP. Le but \u00e9tant de faire conna\u00eetre les commerces de seconde main du quartier Popincourt.<\/p>\n\n\n\n<p><\/p>\n\n\n\n<p><\/p>\n\n\n\n<p><\/p>\n\n\n\n<p><\/p>\n\n\n\n<p><\/p>\n\n\n\n<p><\/p>\n\n\n\n<hr class=\"wp-block-separator has-text-color has-nv-site-bg-color has-alpha-channel-opacity has-nv-site-bg-background-color has-background\"\/>\n\n\n\n<p class=\"has-neve-link-hover-color-color has-text-color has-link-color has-medium-font-size wp-elements-8ba62ac6f1b0dfe02bae371bcb5b3f7c\"><strong>Documents relayants des informations <\/strong><\/p>\n\n\n<div class=\"wp-block-image\">\n<figure class=\"alignleft size-full is-resized\"><img loading=\"lazy\" decoding=\"async\" width=\"1414\" height=\"2000\" src=\"https:\/\/www.asqp.org\/wp-content\/uploads\/2024\/01\/Cartographie-Zero-Dechet-Popincourt.pdf-2.jpg\" alt=\"\" class=\"wp-image-407\" style=\"width:1166px;height:auto\" srcset=\"https:\/\/www.asqp.org\/wp-content\/uploads\/2024\/01\/Cartographie-Zero-Dechet-Popincourt.pdf-2.jpg 1414w, https:\/\/www.asqp.org\/wp-content\/uploads\/2024\/01\/Cartographie-Zero-Dechet-Popincourt.pdf-2-212x300.jpg 212w, https:\/\/www.asqp.org\/wp-content\/uploads\/2024\/01\/Cartographie-Zero-Dechet-Popincourt.pdf-2-724x1024.jpg 724w, https:\/\/www.asqp.org\/wp-content\/uploads\/2024\/01\/Cartographie-Zero-Dechet-Popincourt.pdf-2-768x1086.jpg 768w, https:\/\/www.asqp.org\/wp-content\/uploads\/2024\/01\/Cartographie-Zero-Dechet-Popincourt.pdf-2-1086x1536.jpg 1086w\" sizes=\"auto, (max-width: 1414px) 100vw, 1414px\" \/><\/figure>\n<\/div>\n\n<div class=\"wp-block-image\">\n<figure class=\"alignleft size-full is-resized\"><img loading=\"lazy\" decoding=\"async\" width=\"1220\" height=\"877\" src=\"https:\/\/www.asqp.org\/wp-content\/uploads\/2024\/01\/Flyer-habitants-TZD-Popincourt-Carto.jpg\" alt=\"\" class=\"wp-image-502\" style=\"width:1157px;height:auto\" srcset=\"https:\/\/www.asqp.org\/wp-content\/uploads\/2024\/01\/Flyer-habitants-TZD-Popincourt-Carto.jpg 1220w, https:\/\/www.asqp.org\/wp-content\/uploads\/2024\/01\/Flyer-habitants-TZD-Popincourt-Carto-300x216.jpg 300w, https:\/\/www.asqp.org\/wp-content\/uploads\/2024\/01\/Flyer-habitants-TZD-Popincourt-Carto-1024x736.jpg 1024w, https:\/\/www.asqp.org\/wp-content\/uploads\/2024\/01\/Flyer-habitants-TZD-Popincourt-Carto-768x552.jpg 768w\" sizes=\"auto, (max-width: 1220px) 100vw, 1220px\" \/><\/figure>\n<\/div>\n\n\n<hr class=\"wp-block-separator has-text-color has-nv-site-bg-color has-alpha-channel-opacity has-nv-site-bg-background-color has-background\"\/>\n\n\n\n<hr class=\"wp-block-separator has-text-color has-nv-site-bg-color has-alpha-channel-opacity has-nv-site-bg-background-color has-background\"\/>\n\n\n<div class=\"wp-block-image\">\n<figure class=\"alignleft size-large is-resized\"><img loading=\"lazy\" decoding=\"async\" width=\"728\" height=\"1024\" src=\"https:\/\/www.asqp.org\/wp-content\/uploads\/2024\/01\/unnamed-2-728x1024.jpg\" alt=\"\" class=\"wp-image-505\" style=\"width:1147px;height:auto\" srcset=\"https:\/\/www.asqp.org\/wp-content\/uploads\/2024\/01\/unnamed-2-728x1024.jpg 728w, https:\/\/www.asqp.org\/wp-content\/uploads\/2024\/01\/unnamed-2-213x300.jpg 213w, https:\/\/www.asqp.org\/wp-content\/uploads\/2024\/01\/unnamed-2-768x1080.jpg 768w, https:\/\/www.asqp.org\/wp-content\/uploads\/2024\/01\/unnamed-2.jpg 871w\" sizes=\"auto, (max-width: 728px) 100vw, 728px\" \/><\/figure>\n<\/div>","protected":false},"excerpt":{"rendered":"<p>De novembre 2022 \u00e0 novembre 2023, l\u2019ASQP a \u00e9t\u00e9 charg\u00e9e par la mairie de Paris d\u2019une mission \u00ab z\u00e9ro d\u00e9chet \u00bb sur le territoire du quartier Popincourt. Il s\u2019agissait de sensibiliser les habitants et les commer\u00e7ants aux bons gestes de tri et \u00e0 la r\u00e9duction des d\u00e9chets. L\u2019ASQP s\u2019est lanc\u00e9e dans un certain nombre d\u2019\u00e9v\u00e8nements&hellip;&nbsp;<a href=\"https:\/\/www.asqp.org\/?page_id=100\" class=\"\" rel=\"bookmark\">Lire la suite &raquo;<span class=\"screen-reader-text\">Territoire Z\u00e9ro D\u00e9chet<\/span><\/a><\/p>\n","protected":false},"author":1,"featured_media":0,"parent":0,"menu_order":0,"comment_status":"closed","ping_status":"closed","template":"","meta":{"neve_meta_sidebar":"","neve_meta_container":"","neve_meta_enable_content_width":"","neve_meta_content_width":0,"neve_meta_title_alignment":"","neve_meta_author_avatar":"","neve_post_elements_order":"","neve_meta_disable_header":"","neve_meta_disable_footer":"","neve_meta_disable_title":"","footnotes":""},"class_list":["post-100","page","type-page","status-publish","hentry"],"yoast_head":"<!-- This site is optimized with the Yoast SEO plugin v21.4 - https:\/\/yoast.com\/wordpress\/plugins\/seo\/ -->\n<title>Agir Solidairement pour le Quartier Popincourt - Agir Solidairement pour le Quartier Popincourt<\/title>\n<meta name=\"description\" content=\"ASQP est une association de quartier situ\u00e9 \u00e0 Popincourt dans 11\u00e8me arrondissement de Paris\" \/>\n<meta name=\"robots\" content=\"index, follow, max-snippet:-1, max-image-preview:large, max-video-preview:-1\" \/>\n<link rel=\"canonical\" href=\"https:\/\/www.asqp.org\/?page_id=100\" \/>\n<meta property=\"og:locale\" content=\"fr_FR\" \/>\n<meta property=\"og:type\" content=\"article\" \/>\n<meta property=\"og:title\" content=\"Agir Solidairement pour le Quartier Popincourt - Agir Solidairement pour le Quartier Popincourt\" \/>\n<meta property=\"og:description\" content=\"ASQP est une association de quartier situ\u00e9 \u00e0 Popincourt dans 11\u00e8me arrondissement de Paris\" \/>\n<meta property=\"og:url\" content=\"https:\/\/www.asqp.org\/?page_id=100\" \/>\n<meta property=\"og:site_name\" content=\"Agir Solidairement pour le Quartier Popincourt\" \/>\n<meta property=\"article:publisher\" content=\"https:\/\/www.facebook.com\/ASQP75011\/\" \/>\n<meta property=\"article:modified_time\" content=\"2024-01-25T16:21:04+00:00\" \/>\n<meta property=\"og:image\" content=\"https:\/\/www.asqp.org\/wp-content\/uploads\/2024\/01\/Gouter-Zero-dechet-ASQP-26nov2022-724x1024.png\" \/>\n<meta name=\"twitter:card\" content=\"summary_large_image\" \/>\n<meta name=\"twitter:label1\" content=\"Dur\u00e9e de lecture estim\u00e9e\" \/>\n\t<meta name=\"twitter:data1\" content=\"5 minutes\" \/>\n<script type=\"application\/ld+json\" class=\"yoast-schema-graph\">{\"@context\":\"https:\/\/schema.org\",\"@graph\":[{\"@type\":\"WebPage\",\"@id\":\"https:\/\/www.asqp.org\/?page_id=100\",\"url\":\"https:\/\/www.asqp.org\/?page_id=100\",\"name\":\"Agir Solidairement pour le Quartier Popincourt - Agir Solidairement pour le Quartier Popincourt\",\"isPartOf\":{\"@id\":\"https:\/\/www.asqp.org\/#website\"},\"datePublished\":\"2022-08-30T22:41:04+00:00\",\"dateModified\":\"2024-01-25T16:21:04+00:00\",\"description\":\"ASQP est une association de quartier situ\u00e9 \u00e0 Popincourt dans 11\u00e8me arrondissement de Paris\",\"breadcrumb\":{\"@id\":\"https:\/\/www.asqp.org\/?page_id=100#breadcrumb\"},\"inLanguage\":\"fr-FR\",\"potentialAction\":[{\"@type\":\"ReadAction\",\"target\":[\"https:\/\/www.asqp.org\/?page_id=100\"]}]},{\"@type\":\"BreadcrumbList\",\"@id\":\"https:\/\/www.asqp.org\/?page_id=100#breadcrumb\",\"itemListElement\":[{\"@type\":\"ListItem\",\"position\":1,\"name\":\"Accueil\",\"item\":\"https:\/\/www.asqp.org\/\"},{\"@type\":\"ListItem\",\"position\":2,\"name\":\"Territoire Z\u00e9ro D\u00e9chet\"}]},{\"@type\":\"WebSite\",\"@id\":\"https:\/\/www.asqp.org\/#website\",\"url\":\"https:\/\/www.asqp.org\/\",\"name\":\"Agir Solidairement pour le Quartier Popincourt\",\"description\":\"ASQP est une association de quartier situ\u00e9 \u00e0 Popincourt dans le 11\u00e8me arrondissement de Paris\",\"publisher\":{\"@id\":\"https:\/\/www.asqp.org\/#organization\"},\"potentialAction\":[{\"@type\":\"SearchAction\",\"target\":{\"@type\":\"EntryPoint\",\"urlTemplate\":\"https:\/\/www.asqp.org\/?s={search_term_string}\"},\"query-input\":\"required name=search_term_string\"}],\"inLanguage\":\"fr-FR\"},{\"@type\":\"Organization\",\"@id\":\"https:\/\/www.asqp.org\/#organization\",\"name\":\"Agir Solidairement pour le Quartier Popincourt\",\"url\":\"https:\/\/www.asqp.org\/\",\"logo\":{\"@type\":\"ImageObject\",\"inLanguage\":\"fr-FR\",\"@id\":\"https:\/\/www.asqp.org\/#\/schema\/logo\/image\/\",\"url\":\"https:\/\/www.asqp.org\/wp-content\/uploads\/2022\/08\/cropped-logoasqp2019_OK.png\",\"contentUrl\":\"https:\/\/www.asqp.org\/wp-content\/uploads\/2022\/08\/cropped-logoasqp2019_OK.png\",\"width\":1821,\"height\":1638,\"caption\":\"Agir Solidairement pour le Quartier Popincourt\"},\"image\":{\"@id\":\"https:\/\/www.asqp.org\/#\/schema\/logo\/image\/\"},\"sameAs\":[\"https:\/\/www.facebook.com\/ASQP75011\/\"]}]}<\/script>\n<!-- \/ Yoast SEO plugin. -->","yoast_head_json":{"title":"Agir Solidairement pour le Quartier Popincourt - Agir Solidairement pour le Quartier Popincourt","description":"ASQP est une association de quartier situ\u00e9 \u00e0 Popincourt dans 11\u00e8me arrondissement de Paris","robots":{"index":"index","follow":"follow","max-snippet":"max-snippet:-1","max-image-preview":"max-image-preview:large","max-video-preview":"max-video-preview:-1"},"canonical":"https:\/\/www.asqp.org\/?page_id=100","og_locale":"fr_FR","og_type":"article","og_title":"Agir Solidairement pour le Quartier Popincourt - Agir Solidairement pour le Quartier Popincourt","og_description":"ASQP est une association de quartier situ\u00e9 \u00e0 Popincourt dans 11\u00e8me arrondissement de Paris","og_url":"https:\/\/www.asqp.org\/?page_id=100","og_site_name":"Agir Solidairement pour le Quartier Popincourt","article_publisher":"https:\/\/www.facebook.com\/ASQP75011\/","article_modified_time":"2024-01-25T16:21:04+00:00","og_image":[{"url":"https:\/\/www.asqp.org\/wp-content\/uploads\/2024\/01\/Gouter-Zero-dechet-ASQP-26nov2022-724x1024.png"}],"twitter_card":"summary_large_image","twitter_misc":{"Dur\u00e9e de lecture estim\u00e9e":"5 minutes"},"schema":{"@context":"https:\/\/schema.org","@graph":[{"@type":"WebPage","@id":"https:\/\/www.asqp.org\/?page_id=100","url":"https:\/\/www.asqp.org\/?page_id=100","name":"Agir Solidairement pour le Quartier Popincourt - Agir Solidairement pour le Quartier Popincourt","isPartOf":{"@id":"https:\/\/www.asqp.org\/#website"},"datePublished":"2022-08-30T22:41:04+00:00","dateModified":"2024-01-25T16:21:04+00:00","description":"ASQP est une association de quartier situ\u00e9 \u00e0 Popincourt dans 11\u00e8me arrondissement de Paris","breadcrumb":{"@id":"https:\/\/www.asqp.org\/?page_id=100#breadcrumb"},"inLanguage":"fr-FR","potentialAction":[{"@type":"ReadAction","target":["https:\/\/www.asqp.org\/?page_id=100"]}]},{"@type":"BreadcrumbList","@id":"https:\/\/www.asqp.org\/?page_id=100#breadcrumb","itemListElement":[{"@type":"ListItem","position":1,"name":"Accueil","item":"https:\/\/www.asqp.org\/"},{"@type":"ListItem","position":2,"name":"Territoire Z\u00e9ro D\u00e9chet"}]},{"@type":"WebSite","@id":"https:\/\/www.asqp.org\/#website","url":"https:\/\/www.asqp.org\/","name":"Agir Solidairement pour le Quartier Popincourt","description":"ASQP est une association de quartier situ\u00e9 \u00e0 Popincourt dans le 11\u00e8me arrondissement de Paris","publisher":{"@id":"https:\/\/www.asqp.org\/#organization"},"potentialAction":[{"@type":"SearchAction","target":{"@type":"EntryPoint","urlTemplate":"https:\/\/www.asqp.org\/?s={search_term_string}"},"query-input":"required name=search_term_string"}],"inLanguage":"fr-FR"},{"@type":"Organization","@id":"https:\/\/www.asqp.org\/#organization","name":"Agir Solidairement pour le Quartier Popincourt","url":"https:\/\/www.asqp.org\/","logo":{"@type":"ImageObject","inLanguage":"fr-FR","@id":"https:\/\/www.asqp.org\/#\/schema\/logo\/image\/","url":"https:\/\/www.asqp.org\/wp-content\/uploads\/2022\/08\/cropped-logoasqp2019_OK.png","contentUrl":"https:\/\/www.asqp.org\/wp-content\/uploads\/2022\/08\/cropped-logoasqp2019_OK.png","width":1821,"height":1638,"caption":"Agir Solidairement pour le Quartier Popincourt"},"image":{"@id":"https:\/\/www.asqp.org\/#\/schema\/logo\/image\/"},"sameAs":["https:\/\/www.facebook.com\/ASQP75011\/"]}]}},"_links":{"self":[{"href":"https:\/\/www.asqp.org\/index.php?rest_route=\/wp\/v2\/pages\/100","targetHints":{"allow":["GET"]}}],"collection":[{"href":"https:\/\/www.asqp.org\/index.php?rest_route=\/wp\/v2\/pages"}],"about":[{"href":"https:\/\/www.asqp.org\/index.php?rest_route=\/wp\/v2\/types\/page"}],"author":[{"embeddable":true,"href":"https:\/\/www.asqp.org\/index.php?rest_route=\/wp\/v2\/users\/1"}],"replies":[{"embeddable":true,"href":"https:\/\/www.asqp.org\/index.php?rest_route=%2Fwp%2Fv2%2Fcomments&post=100"}],"version-history":[{"count":13,"href":"https:\/\/www.asqp.org\/index.php?rest_route=\/wp\/v2\/pages\/100\/revisions"}],"predecessor-version":[{"id":510,"href":"https:\/\/www.asqp.org\/index.php?rest_route=\/wp\/v2\/pages\/100\/revisions\/510"}],"wp:attachment":[{"href":"https:\/\/www.asqp.org\/index.php?rest_route=%2Fwp%2Fv2%2Fmedia&parent=100"}],"curies":[{"name":"wp","href":"https:\/\/api.w.org\/{rel}","templated":true}]}}