{"id":118,"date":"2022-08-31T00:42:28","date_gmt":"2022-08-30T22:42:28","guid":{"rendered":"http:\/\/asqporn.cluster030.hosting.ovh.net\/?page_id=118"},"modified":"2024-01-24T22:11:54","modified_gmt":"2024-01-24T21:11:54","slug":"animation-du-quartier","status":"publish","type":"page","link":"https:\/\/www.asqp.org\/?page_id=118","title":{"rendered":"Animation du quartier"},"content":{"rendered":"\n<p class=\"has-neve-link-hover-color-color has-text-color has-link-color has-medium-font-size wp-elements-88ff30f4970d19363332e18546e85f8d\"><strong>Les Petits-d\u00e9j\u2019 de quartier<\/strong>&nbsp;: organis\u00e9s depuis l\u2019automne 2000 (parfois 2 par an), ils ont permis une mobilisation croissante des riverains et une nouvelle animation conviviale de la rue Popincourt. En juin 2021, nous avons repris cette tradition. En voici ci-dessous les affiches.<\/p>\n\n\n<div class=\"wp-block-image\">\n<figure class=\"alignleft size-large is-resized\"><img loading=\"lazy\" decoding=\"async\" width=\"1024\" height=\"725\" src=\"https:\/\/www.asqp.org\/wp-content\/uploads\/2024\/01\/Affiche-Grand-Dej-30-sept01.doc-1024x725.jpg\" alt=\"\" class=\"wp-image-362\" style=\"width:534px;height:auto\" srcset=\"https:\/\/www.asqp.org\/wp-content\/uploads\/2024\/01\/Affiche-Grand-Dej-30-sept01.doc-1024x725.jpg 1024w, https:\/\/www.asqp.org\/wp-content\/uploads\/2024\/01\/Affiche-Grand-Dej-30-sept01.doc-300x212.jpg 300w, https:\/\/www.asqp.org\/wp-content\/uploads\/2024\/01\/Affiche-Grand-Dej-30-sept01.doc-768x543.jpg 768w, https:\/\/www.asqp.org\/wp-content\/uploads\/2024\/01\/Affiche-Grand-Dej-30-sept01.doc-1536x1087.jpg 1536w, https:\/\/www.asqp.org\/wp-content\/uploads\/2024\/01\/Affiche-Grand-Dej-30-sept01.doc.jpg 1754w\" sizes=\"auto, (max-width: 1024px) 100vw, 1024px\" \/><\/figure>\n<\/div>\n\n<div class=\"wp-block-image\">\n<figure class=\"alignright size-large is-resized\"><img loading=\"lazy\" decoding=\"async\" width=\"1024\" height=\"725\" src=\"https:\/\/www.asqp.org\/wp-content\/uploads\/2024\/01\/affiche-petidej-juin02.doc-1024x725.jpg\" alt=\"\" class=\"wp-image-363\" style=\"width:534px;height:auto\" srcset=\"https:\/\/www.asqp.org\/wp-content\/uploads\/2024\/01\/affiche-petidej-juin02.doc-1024x725.jpg 1024w, https:\/\/www.asqp.org\/wp-content\/uploads\/2024\/01\/affiche-petidej-juin02.doc-300x212.jpg 300w, https:\/\/www.asqp.org\/wp-content\/uploads\/2024\/01\/affiche-petidej-juin02.doc-768x543.jpg 768w, https:\/\/www.asqp.org\/wp-content\/uploads\/2024\/01\/affiche-petidej-juin02.doc-1536x1087.jpg 1536w, https:\/\/www.asqp.org\/wp-content\/uploads\/2024\/01\/affiche-petidej-juin02.doc.jpg 1754w\" sizes=\"auto, (max-width: 1024px) 100vw, 1024px\" \/><\/figure>\n<\/div>\n\n\n<p><\/p>\n\n\n\n<p><\/p>\n\n\n\n<p><\/p>\n\n\n<div class=\"wp-block-image\">\n<figure class=\"alignleft size-large is-resized\"><img loading=\"lazy\" decoding=\"async\" width=\"1024\" height=\"768\" src=\"https:\/\/www.asqp.org\/wp-content\/uploads\/2024\/01\/Fete-Rue-Popincourt-Tai-Chi-9-juin-2007-1-1024x768.jpg\" alt=\"\" class=\"wp-image-485\" style=\"width:486px;height:auto\" srcset=\"https:\/\/www.asqp.org\/wp-content\/uploads\/2024\/01\/Fete-Rue-Popincourt-Tai-Chi-9-juin-2007-1-1024x768.jpg 1024w, https:\/\/www.asqp.org\/wp-content\/uploads\/2024\/01\/Fete-Rue-Popincourt-Tai-Chi-9-juin-2007-1-300x225.jpg 300w, https:\/\/www.asqp.org\/wp-content\/uploads\/2024\/01\/Fete-Rue-Popincourt-Tai-Chi-9-juin-2007-1-768x576.jpg 768w, https:\/\/www.asqp.org\/wp-content\/uploads\/2024\/01\/Fete-Rue-Popincourt-Tai-Chi-9-juin-2007-1-1536x1152.jpg 1536w, https:\/\/www.asqp.org\/wp-content\/uploads\/2024\/01\/Fete-Rue-Popincourt-Tai-Chi-9-juin-2007-1-2048x1536.jpg 2048w\" sizes=\"auto, (max-width: 1024px) 100vw, 1024px\" \/><\/figure>\n<\/div>\n\n<div class=\"wp-block-image\">\n<figure class=\"alignleft size-large is-resized\"><img loading=\"lazy\" decoding=\"async\" width=\"1024\" height=\"768\" src=\"https:\/\/www.asqp.org\/wp-content\/uploads\/2024\/01\/Petit-dej-bresilien-Danseurs-devant-la-table-2-Juin-2005-1024x768.jpg\" alt=\"\" class=\"wp-image-486\" style=\"width:486px;height:auto\" srcset=\"https:\/\/www.asqp.org\/wp-content\/uploads\/2024\/01\/Petit-dej-bresilien-Danseurs-devant-la-table-2-Juin-2005-1024x768.jpg 1024w, https:\/\/www.asqp.org\/wp-content\/uploads\/2024\/01\/Petit-dej-bresilien-Danseurs-devant-la-table-2-Juin-2005-300x225.jpg 300w, https:\/\/www.asqp.org\/wp-content\/uploads\/2024\/01\/Petit-dej-bresilien-Danseurs-devant-la-table-2-Juin-2005-768x576.jpg 768w, https:\/\/www.asqp.org\/wp-content\/uploads\/2024\/01\/Petit-dej-bresilien-Danseurs-devant-la-table-2-Juin-2005-1536x1152.jpg 1536w, https:\/\/www.asqp.org\/wp-content\/uploads\/2024\/01\/Petit-dej-bresilien-Danseurs-devant-la-table-2-Juin-2005.jpg 2048w\" sizes=\"auto, (max-width: 1024px) 100vw, 1024px\" \/><\/figure>\n<\/div>\n\n\n<p><\/p>\n\n\n\n<p><\/p>\n\n\n\n<p><\/p>\n\n\n\n<p><\/p>\n\n\n\n<p><\/p>\n\n\n<div class=\"wp-block-image\">\n<figure class=\"alignleft size-large is-resized\"><img loading=\"lazy\" decoding=\"async\" width=\"1024\" height=\"768\" src=\"https:\/\/www.asqp.org\/wp-content\/uploads\/2024\/01\/Petit-dej-bresilien-Danseurs-et-Musiciens-1024x768.jpg\" alt=\"\" class=\"wp-image-487\" style=\"width:487px;height:auto\" srcset=\"https:\/\/www.asqp.org\/wp-content\/uploads\/2024\/01\/Petit-dej-bresilien-Danseurs-et-Musiciens-1024x768.jpg 1024w, https:\/\/www.asqp.org\/wp-content\/uploads\/2024\/01\/Petit-dej-bresilien-Danseurs-et-Musiciens-300x225.jpg 300w, https:\/\/www.asqp.org\/wp-content\/uploads\/2024\/01\/Petit-dej-bresilien-Danseurs-et-Musiciens-768x576.jpg 768w, https:\/\/www.asqp.org\/wp-content\/uploads\/2024\/01\/Petit-dej-bresilien-Danseurs-et-Musiciens-1536x1152.jpg 1536w, https:\/\/www.asqp.org\/wp-content\/uploads\/2024\/01\/Petit-dej-bresilien-Danseurs-et-Musiciens.jpg 2048w\" sizes=\"auto, (max-width: 1024px) 100vw, 1024px\" \/><\/figure>\n<\/div>\n\n<div class=\"wp-block-image\">\n<figure class=\"alignleft size-large is-resized\"><img loading=\"lazy\" decoding=\"async\" width=\"1024\" height=\"768\" src=\"https:\/\/www.asqp.org\/wp-content\/uploads\/2024\/01\/Petit-dej-bresilien-Musiciens-et-danseurs-Juin-2005-1024x768.jpg\" alt=\"\" class=\"wp-image-488\" style=\"width:487px;height:auto\" srcset=\"https:\/\/www.asqp.org\/wp-content\/uploads\/2024\/01\/Petit-dej-bresilien-Musiciens-et-danseurs-Juin-2005-1024x768.jpg 1024w, https:\/\/www.asqp.org\/wp-content\/uploads\/2024\/01\/Petit-dej-bresilien-Musiciens-et-danseurs-Juin-2005-300x225.jpg 300w, https:\/\/www.asqp.org\/wp-content\/uploads\/2024\/01\/Petit-dej-bresilien-Musiciens-et-danseurs-Juin-2005-768x576.jpg 768w, https:\/\/www.asqp.org\/wp-content\/uploads\/2024\/01\/Petit-dej-bresilien-Musiciens-et-danseurs-Juin-2005-1536x1152.jpg 1536w, https:\/\/www.asqp.org\/wp-content\/uploads\/2024\/01\/Petit-dej-bresilien-Musiciens-et-danseurs-Juin-2005.jpg 2048w\" sizes=\"auto, (max-width: 1024px) 100vw, 1024px\" \/><\/figure>\n<\/div>\n\n\n<p><\/p>\n\n\n\n<p><\/p>\n\n\n\n<p><\/p>\n\n\n\n<p><\/p>\n\n\n\n<p><\/p>\n\n\n\n<p><\/p>\n\n\n\n<hr class=\"wp-block-separator has-text-color has-nv-site-bg-color has-alpha-channel-opacity has-nv-site-bg-background-color has-background\"\/>\n\n\n<div class=\"wp-block-image\">\n<figure class=\"alignleft size-large is-resized\"><img loading=\"lazy\" decoding=\"async\" width=\"990\" height=\"1024\" src=\"https:\/\/www.asqp.org\/wp-content\/uploads\/2024\/01\/Inscriptions-balade-popincourt-5juin05.doc-1-990x1024.jpg\" alt=\"\" class=\"wp-image-365\" style=\"width:471px;height:auto\" srcset=\"https:\/\/www.asqp.org\/wp-content\/uploads\/2024\/01\/Inscriptions-balade-popincourt-5juin05.doc-1-990x1024.jpg 990w, https:\/\/www.asqp.org\/wp-content\/uploads\/2024\/01\/Inscriptions-balade-popincourt-5juin05.doc-1-290x300.jpg 290w, https:\/\/www.asqp.org\/wp-content\/uploads\/2024\/01\/Inscriptions-balade-popincourt-5juin05.doc-1-768x795.jpg 768w, https:\/\/www.asqp.org\/wp-content\/uploads\/2024\/01\/Inscriptions-balade-popincourt-5juin05.doc-1.jpg 1187w\" sizes=\"auto, (max-width: 990px) 100vw, 990px\" \/><\/figure>\n<\/div>\n\n\n<p><\/p>\n\n\n\n<p class=\"has-neve-link-hover-color-color has-text-color has-link-color has-medium-font-size wp-elements-ac7fae9a52ff4969f763fff0e8051145\">En 2005, l\u2019ASQP lance balade \u00e0 Popincourt, dans le but de faire d\u00e9couvrir le quartier \u00e0 ses habitants. La visite permet de r\u00e9v\u00e9ler l\u2019histoire et le patrimoine du quartier tout en exposant ses commerces. \u00c0 gauche, l\u2019affiche utilis\u00e9e pour la balade et ci-dessous, des images de la balade.<\/p>\n\n\n\n<p><\/p>\n\n\n\n<p><\/p>\n\n\n\n<p><\/p>\n\n\n\n<p><\/p>\n\n\n\n<p><\/p>\n\n\n\n<hr class=\"wp-block-separator has-text-color has-nv-site-bg-color has-alpha-channel-opacity has-nv-site-bg-background-color has-background\"\/>\n\n\n<div class=\"wp-block-image\">\n<figure class=\"alignleft size-large is-resized\"><img loading=\"lazy\" decoding=\"async\" width=\"1024\" height=\"768\" src=\"https:\/\/www.asqp.org\/wp-content\/uploads\/2024\/01\/Balade-a-Popincourt-06-1024x768.jpg\" alt=\"\" class=\"wp-image-366\" style=\"width:486px;height:auto\" srcset=\"https:\/\/www.asqp.org\/wp-content\/uploads\/2024\/01\/Balade-a-Popincourt-06-1024x768.jpg 1024w, https:\/\/www.asqp.org\/wp-content\/uploads\/2024\/01\/Balade-a-Popincourt-06-300x225.jpg 300w, https:\/\/www.asqp.org\/wp-content\/uploads\/2024\/01\/Balade-a-Popincourt-06-768x576.jpg 768w, https:\/\/www.asqp.org\/wp-content\/uploads\/2024\/01\/Balade-a-Popincourt-06-1536x1152.jpg 1536w, https:\/\/www.asqp.org\/wp-content\/uploads\/2024\/01\/Balade-a-Popincourt-06.jpg 2048w\" sizes=\"auto, (max-width: 1024px) 100vw, 1024px\" \/><\/figure>\n<\/div>\n\n<div class=\"wp-block-image\">\n<figure class=\"alignleft size-large is-resized\"><img loading=\"lazy\" decoding=\"async\" width=\"1024\" height=\"768\" src=\"https:\/\/www.asqp.org\/wp-content\/uploads\/2024\/01\/Balade-a-Popincourt-18-Les-Pincon-Charlot-expliquent-Histoire-de-Paris-1024x768.jpg\" alt=\"\" class=\"wp-image-367\" style=\"width:480px;height:auto\" srcset=\"https:\/\/www.asqp.org\/wp-content\/uploads\/2024\/01\/Balade-a-Popincourt-18-Les-Pincon-Charlot-expliquent-Histoire-de-Paris-1024x768.jpg 1024w, https:\/\/www.asqp.org\/wp-content\/uploads\/2024\/01\/Balade-a-Popincourt-18-Les-Pincon-Charlot-expliquent-Histoire-de-Paris-300x225.jpg 300w, https:\/\/www.asqp.org\/wp-content\/uploads\/2024\/01\/Balade-a-Popincourt-18-Les-Pincon-Charlot-expliquent-Histoire-de-Paris-768x576.jpg 768w, https:\/\/www.asqp.org\/wp-content\/uploads\/2024\/01\/Balade-a-Popincourt-18-Les-Pincon-Charlot-expliquent-Histoire-de-Paris-1536x1152.jpg 1536w, https:\/\/www.asqp.org\/wp-content\/uploads\/2024\/01\/Balade-a-Popincourt-18-Les-Pincon-Charlot-expliquent-Histoire-de-Paris.jpg 2048w\" sizes=\"auto, (max-width: 1024px) 100vw, 1024px\" \/><\/figure>\n<\/div>\n\n\n<p><\/p>\n\n\n\n<p><\/p>\n\n\n\n<p><\/p>\n\n\n\n<p><\/p>\n\n\n\n<p><\/p>\n\n\n\n<hr class=\"wp-block-separator has-text-color has-nv-site-bg-color has-alpha-channel-opacity has-nv-site-bg-background-color has-background\"\/>\n\n\n<div class=\"wp-block-image\">\n<figure class=\"alignleft size-large is-resized\"><img loading=\"lazy\" decoding=\"async\" width=\"1024\" height=\"768\" src=\"https:\/\/www.asqp.org\/wp-content\/uploads\/2024\/01\/Balade-a-Popincourt-19-Les-Pincon-Charlot-1024x768.jpg\" alt=\"\" class=\"wp-image-368\" style=\"width:488px;height:auto\" srcset=\"https:\/\/www.asqp.org\/wp-content\/uploads\/2024\/01\/Balade-a-Popincourt-19-Les-Pincon-Charlot-1024x768.jpg 1024w, https:\/\/www.asqp.org\/wp-content\/uploads\/2024\/01\/Balade-a-Popincourt-19-Les-Pincon-Charlot-300x225.jpg 300w, https:\/\/www.asqp.org\/wp-content\/uploads\/2024\/01\/Balade-a-Popincourt-19-Les-Pincon-Charlot-768x576.jpg 768w, https:\/\/www.asqp.org\/wp-content\/uploads\/2024\/01\/Balade-a-Popincourt-19-Les-Pincon-Charlot-1536x1152.jpg 1536w, https:\/\/www.asqp.org\/wp-content\/uploads\/2024\/01\/Balade-a-Popincourt-19-Les-Pincon-Charlot.jpg 2048w\" sizes=\"auto, (max-width: 1024px) 100vw, 1024px\" \/><\/figure>\n<\/div>\n\n<div class=\"wp-block-image\">\n<figure class=\"alignleft size-large is-resized\"><img loading=\"lazy\" decoding=\"async\" width=\"1024\" height=\"768\" src=\"https:\/\/www.asqp.org\/wp-content\/uploads\/2024\/01\/Balade-a-Popincourt-Rue-de-Lappe-03-1024x768.jpg\" alt=\"\" class=\"wp-image-370\" style=\"width:482px;height:auto\" srcset=\"https:\/\/www.asqp.org\/wp-content\/uploads\/2024\/01\/Balade-a-Popincourt-Rue-de-Lappe-03-1024x768.jpg 1024w, https:\/\/www.asqp.org\/wp-content\/uploads\/2024\/01\/Balade-a-Popincourt-Rue-de-Lappe-03-300x225.jpg 300w, https:\/\/www.asqp.org\/wp-content\/uploads\/2024\/01\/Balade-a-Popincourt-Rue-de-Lappe-03-768x576.jpg 768w, https:\/\/www.asqp.org\/wp-content\/uploads\/2024\/01\/Balade-a-Popincourt-Rue-de-Lappe-03-1536x1152.jpg 1536w, https:\/\/www.asqp.org\/wp-content\/uploads\/2024\/01\/Balade-a-Popincourt-Rue-de-Lappe-03.jpg 2048w\" sizes=\"auto, (max-width: 1024px) 100vw, 1024px\" \/><\/figure>\n<\/div>\n\n\n<p><\/p>\n\n\n\n<p><\/p>\n\n\n\n<p><\/p>\n\n\n\n<p><\/p>\n\n\n\n<p><\/p>\n\n\n\n<hr class=\"wp-block-separator has-text-color has-nv-site-bg-color has-alpha-channel-opacity has-nv-site-bg-background-color has-background\"\/>\n\n\n\n<p class=\"has-neve-link-hover-color-color has-text-color has-link-color has-medium-font-size wp-elements-77e708a530a3ed2447470405c5115c13\"><strong>Babel\u2019Pop&nbsp;<\/strong>(2017&nbsp;: Galette de Babel Pop\u2019 et projection de films \u00ab&nbsp;Cin\u00e9 Ville ouverte&nbsp;\u00bb)<\/p>\n\n\n\n<p class=\"has-neve-link-hover-color-color has-text-color has-link-color has-medium-font-size wp-elements-8b70ac199a5d31d9d221e7df0a52b53e\">Rencontres d\u00e9bats autour de films sur le devenir des villes, l\u2019Economie sociale et solidaire (\u00e0 la Fondation pour le Progr\u00e8s de l\u2019Homme, Rue Saint Sabin). Ci-dessous, des images de la soir\u00e9e galette. <\/p>\n\n\n<div class=\"wp-block-image\">\n<figure class=\"alignleft size-large is-resized\"><img loading=\"lazy\" decoding=\"async\" width=\"1024\" height=\"768\" src=\"https:\/\/www.asqp.org\/wp-content\/uploads\/2024\/01\/image-3-1024x768.png\" alt=\"\" class=\"wp-image-371\" style=\"width:469px;height:auto\" srcset=\"https:\/\/www.asqp.org\/wp-content\/uploads\/2024\/01\/image-3-1024x768.png 1024w, https:\/\/www.asqp.org\/wp-content\/uploads\/2024\/01\/image-3-300x225.png 300w, https:\/\/www.asqp.org\/wp-content\/uploads\/2024\/01\/image-3-768x576.png 768w, https:\/\/www.asqp.org\/wp-content\/uploads\/2024\/01\/image-3-1536x1152.png 1536w, https:\/\/www.asqp.org\/wp-content\/uploads\/2024\/01\/image-3.png 1600w\" sizes=\"auto, (max-width: 1024px) 100vw, 1024px\" \/><\/figure>\n<\/div>\n\n<div class=\"wp-block-image\">\n<figure class=\"alignleft size-full is-resized\"><img loading=\"lazy\" decoding=\"async\" width=\"520\" height=\"640\" src=\"https:\/\/www.asqp.org\/wp-content\/uploads\/2024\/01\/image-4.png\" alt=\"\" class=\"wp-image-372\" style=\"width:493px;height:auto\" srcset=\"https:\/\/www.asqp.org\/wp-content\/uploads\/2024\/01\/image-4.png 520w, https:\/\/www.asqp.org\/wp-content\/uploads\/2024\/01\/image-4-244x300.png 244w\" sizes=\"auto, (max-width: 520px) 100vw, 520px\" \/><\/figure>\n<\/div>\n\n\n<p><\/p>\n\n\n\n<p><\/p>\n\n\n\n<p><\/p>\n\n\n\n<p><\/p>\n\n\n\n<p><\/p>\n\n\n\n<p><\/p>\n\n\n\n<p><\/p>\n\n\n\n<p><\/p>\n\n\n\n<p><\/p>\n\n\n\n<hr class=\"wp-block-separator has-text-color has-nv-site-bg-color has-alpha-channel-opacity has-nv-site-bg-background-color has-background\"\/>\n\n\n<div class=\"wp-block-image\">\n<figure class=\"alignleft size-large is-resized\"><img loading=\"lazy\" decoding=\"async\" width=\"1024\" height=\"707\" src=\"https:\/\/www.asqp.org\/wp-content\/uploads\/2024\/01\/image-5-1024x707.png\" alt=\"\" class=\"wp-image-385\" style=\"width:618px;height:auto\" srcset=\"https:\/\/www.asqp.org\/wp-content\/uploads\/2024\/01\/image-5-1024x707.png 1024w, https:\/\/www.asqp.org\/wp-content\/uploads\/2024\/01\/image-5-300x207.png 300w, https:\/\/www.asqp.org\/wp-content\/uploads\/2024\/01\/image-5-768x530.png 768w, https:\/\/www.asqp.org\/wp-content\/uploads\/2024\/01\/image-5-1536x1061.png 1536w, https:\/\/www.asqp.org\/wp-content\/uploads\/2024\/01\/image-5.png 1600w\" sizes=\"auto, (max-width: 1024px) 100vw, 1024px\" \/><\/figure>\n<\/div>\n\n\n<p class=\"has-neve-link-hover-color-color has-text-color has-link-color has-medium-font-size wp-elements-d9a105db2cf27b188a6e8f19eb989470\"><strong>Avec le Jardin partag\u00e9 Truillot.<\/strong><\/p>\n\n\n\n<p class=\"has-neve-link-hover-color-color has-text-color has-link-color has-medium-font-size wp-elements-07dd1e7992a52df1d1f95a0115d816bb\">Pendant la p\u00e9riode du Covid et des confinements successifs, l\u2019ASQP, en association avec le Jardin partag\u00e9 Truillot a mis en place la radio Truillot. <\/p>\n\n\n\n<p class=\"has-neve-link-hover-color-color has-text-color has-link-color has-medium-font-size wp-elements-3d11abac05ec74fcdb24b90987d167c4\">\u00ab Pour garder le contact pendant le confinement, on a cr\u00e9\u00e9 la Radio Jardin Truillot qui parle du quartier, du quartier et du&nbsp;quartier \u00bb (page facebook radio jardin Truillot).<\/p>\n\n\n\n<p class=\"has-neve-link-hover-color-color has-text-color has-link-color has-medium-font-size wp-elements-e2c54d928aa9eb2cf34fcc00ec7514ed\">Chaque soir \u00e0 19h30, nous nous retrouvions pour \u00e9changer sur un livre qui nous a plu, une recette de cuisine, ou de lessive faite maison<\/p>\n\n\n\n<p><\/p>\n\n\n\n<p class=\"has-neve-link-hover-color-color has-text-color has-link-color has-medium-font-size wp-elements-354ddd43927265d08198fcf84bc9f5c1\"> <\/p>\n\n\n\n<p><\/p>\n\n\n\n<hr class=\"wp-block-separator has-text-color has-nv-site-bg-color has-alpha-channel-opacity has-nv-site-bg-background-color has-background\"\/>\n\n\n<div class=\"wp-block-image\">\n<figure class=\"alignleft size-large is-resized\"><img loading=\"lazy\" decoding=\"async\" width=\"756\" height=\"1024\" src=\"https:\/\/www.asqp.org\/wp-content\/uploads\/2024\/01\/Screenshot-2024-01-22-at-17.52.59-756x1024.png\" alt=\"\" class=\"wp-image-386\" style=\"width:619px;height:auto\" srcset=\"https:\/\/www.asqp.org\/wp-content\/uploads\/2024\/01\/Screenshot-2024-01-22-at-17.52.59-756x1024.png 756w, https:\/\/www.asqp.org\/wp-content\/uploads\/2024\/01\/Screenshot-2024-01-22-at-17.52.59-222x300.png 222w, https:\/\/www.asqp.org\/wp-content\/uploads\/2024\/01\/Screenshot-2024-01-22-at-17.52.59-768x1040.png 768w, https:\/\/www.asqp.org\/wp-content\/uploads\/2024\/01\/Screenshot-2024-01-22-at-17.52.59.png 1050w\" sizes=\"auto, (max-width: 756px) 100vw, 756px\" \/><\/figure>\n<\/div>\n\n\n<p><\/p>\n\n\n\n<p class=\"has-neve-link-hover-color-color has-text-color has-link-color has-medium-font-size wp-elements-ccbf8abee6b1f1f0e0b1f64126eabc6e\">Au m\u00eame moment, l\u2019ASQP lance \u00e0 nouveau avec le Jardin partag\u00e9 Truillot \u00ab L\u2019\u00c9cho pop du XI\u00e8 \u00bb. <\/p>\n\n\n\n<p class=\"has-neve-link-hover-color-color has-text-color has-link-color has-medium-font-size wp-elements-4023ca41575155c6cb543b99deab6d42\">Le but est simple, informer les gens des \u00e9v\u00e8nements du quartier et des actions entreprises par ses nombreuses associations. <\/p>\n\n\n\n<p class=\"has-neve-link-hover-color-color has-text-color has-link-color has-medium-font-size wp-elements-9cf2b045fe3118b83ad32c4c2f0e65e1\">Cette newsletter est encore active \u00e0 ce jour.<\/p>\n","protected":false},"excerpt":{"rendered":"<p>Les Petits-d\u00e9j\u2019 de quartier&nbsp;: organis\u00e9s depuis l\u2019automne 2000 (parfois 2 par an), ils ont permis une mobilisation croissante des riverains et une nouvelle animation conviviale de la rue Popincourt. En juin 2021, nous avons repris cette tradition. En voici ci-dessous les affiches. En 2005, l\u2019ASQP lance balade \u00e0 Popincourt, dans le but de faire d\u00e9couvrir&hellip;&nbsp;<a href=\"https:\/\/www.asqp.org\/?page_id=118\" class=\"\" rel=\"bookmark\">Lire la suite &raquo;<span class=\"screen-reader-text\">Animation du quartier<\/span><\/a><\/p>\n","protected":false},"author":1,"featured_media":0,"parent":0,"menu_order":0,"comment_status":"closed","ping_status":"closed","template":"","meta":{"neve_meta_sidebar":"","neve_meta_container":"","neve_meta_enable_content_width":"","neve_meta_content_width":0,"neve_meta_title_alignment":"","neve_meta_author_avatar":"","neve_post_elements_order":"","neve_meta_disable_header":"","neve_meta_disable_footer":"","neve_meta_disable_title":"","footnotes":""},"class_list":["post-118","page","type-page","status-publish","hentry"],"yoast_head":"<!-- This site is optimized with the Yoast SEO plugin v21.4 - https:\/\/yoast.com\/wordpress\/plugins\/seo\/ -->\n<title>% - Agir Solidairement pour le Quartier Popincourt<\/title>\n<meta name=\"description\" content=\"ASQP est une association de quartier situ\u00e9 \u00e0 Popincourt dans 11\u00e8me arrondissement de Paris\" \/>\n<meta name=\"robots\" content=\"index, follow, max-snippet:-1, max-image-preview:large, max-video-preview:-1\" \/>\n<link rel=\"canonical\" href=\"https:\/\/www.asqp.org\/?page_id=118\" \/>\n<meta property=\"og:locale\" content=\"fr_FR\" \/>\n<meta property=\"og:type\" content=\"article\" \/>\n<meta property=\"og:title\" content=\"% - Agir Solidairement pour le Quartier Popincourt\" \/>\n<meta property=\"og:description\" content=\"ASQP est une association de quartier situ\u00e9 \u00e0 Popincourt dans 11\u00e8me arrondissement de Paris\" \/>\n<meta property=\"og:url\" content=\"https:\/\/www.asqp.org\/?page_id=118\" \/>\n<meta property=\"og:site_name\" content=\"Agir Solidairement pour le Quartier Popincourt\" \/>\n<meta property=\"article:publisher\" content=\"https:\/\/www.facebook.com\/ASQP75011\/\" \/>\n<meta property=\"article:modified_time\" content=\"2024-01-24T21:11:54+00:00\" \/>\n<meta property=\"og:image\" content=\"https:\/\/www.asqp.org\/wp-content\/uploads\/2024\/01\/Affiche-Grand-Dej-30-sept01.doc-1024x725.jpg\" \/>\n<meta name=\"twitter:card\" content=\"summary_large_image\" \/>\n<meta name=\"twitter:label1\" content=\"Dur\u00e9e de lecture estim\u00e9e\" \/>\n\t<meta name=\"twitter:data1\" content=\"5 minutes\" \/>\n<script type=\"application\/ld+json\" class=\"yoast-schema-graph\">{\"@context\":\"https:\/\/schema.org\",\"@graph\":[{\"@type\":\"WebPage\",\"@id\":\"https:\/\/www.asqp.org\/?page_id=118\",\"url\":\"https:\/\/www.asqp.org\/?page_id=118\",\"name\":\"% - Agir Solidairement pour le Quartier Popincourt\",\"isPartOf\":{\"@id\":\"https:\/\/www.asqp.org\/#website\"},\"datePublished\":\"2022-08-30T22:42:28+00:00\",\"dateModified\":\"2024-01-24T21:11:54+00:00\",\"description\":\"ASQP est une association de quartier situ\u00e9 \u00e0 Popincourt dans 11\u00e8me arrondissement de Paris\",\"breadcrumb\":{\"@id\":\"https:\/\/www.asqp.org\/?page_id=118#breadcrumb\"},\"inLanguage\":\"fr-FR\",\"potentialAction\":[{\"@type\":\"ReadAction\",\"target\":[\"https:\/\/www.asqp.org\/?page_id=118\"]}]},{\"@type\":\"BreadcrumbList\",\"@id\":\"https:\/\/www.asqp.org\/?page_id=118#breadcrumb\",\"itemListElement\":[{\"@type\":\"ListItem\",\"position\":1,\"name\":\"Accueil\",\"item\":\"https:\/\/www.asqp.org\/\"},{\"@type\":\"ListItem\",\"position\":2,\"name\":\"Animation du quartier\"}]},{\"@type\":\"WebSite\",\"@id\":\"https:\/\/www.asqp.org\/#website\",\"url\":\"https:\/\/www.asqp.org\/\",\"name\":\"Agir Solidairement pour le Quartier Popincourt\",\"description\":\"ASQP est une association de quartier situ\u00e9 \u00e0 Popincourt dans le 11\u00e8me arrondissement de Paris\",\"publisher\":{\"@id\":\"https:\/\/www.asqp.org\/#organization\"},\"potentialAction\":[{\"@type\":\"SearchAction\",\"target\":{\"@type\":\"EntryPoint\",\"urlTemplate\":\"https:\/\/www.asqp.org\/?s={search_term_string}\"},\"query-input\":\"required name=search_term_string\"}],\"inLanguage\":\"fr-FR\"},{\"@type\":\"Organization\",\"@id\":\"https:\/\/www.asqp.org\/#organization\",\"name\":\"Agir Solidairement pour le Quartier Popincourt\",\"url\":\"https:\/\/www.asqp.org\/\",\"logo\":{\"@type\":\"ImageObject\",\"inLanguage\":\"fr-FR\",\"@id\":\"https:\/\/www.asqp.org\/#\/schema\/logo\/image\/\",\"url\":\"https:\/\/www.asqp.org\/wp-content\/uploads\/2022\/08\/cropped-logoasqp2019_OK.png\",\"contentUrl\":\"https:\/\/www.asqp.org\/wp-content\/uploads\/2022\/08\/cropped-logoasqp2019_OK.png\",\"width\":1821,\"height\":1638,\"caption\":\"Agir Solidairement pour le Quartier Popincourt\"},\"image\":{\"@id\":\"https:\/\/www.asqp.org\/#\/schema\/logo\/image\/\"},\"sameAs\":[\"https:\/\/www.facebook.com\/ASQP75011\/\"]}]}<\/script>\n<!-- \/ Yoast SEO plugin. -->","yoast_head_json":{"title":"% - Agir Solidairement pour le Quartier Popincourt","description":"ASQP est une association de quartier situ\u00e9 \u00e0 Popincourt dans 11\u00e8me arrondissement de Paris","robots":{"index":"index","follow":"follow","max-snippet":"max-snippet:-1","max-image-preview":"max-image-preview:large","max-video-preview":"max-video-preview:-1"},"canonical":"https:\/\/www.asqp.org\/?page_id=118","og_locale":"fr_FR","og_type":"article","og_title":"% - Agir Solidairement pour le Quartier Popincourt","og_description":"ASQP est une association de quartier situ\u00e9 \u00e0 Popincourt dans 11\u00e8me arrondissement de Paris","og_url":"https:\/\/www.asqp.org\/?page_id=118","og_site_name":"Agir Solidairement pour le Quartier Popincourt","article_publisher":"https:\/\/www.facebook.com\/ASQP75011\/","article_modified_time":"2024-01-24T21:11:54+00:00","og_image":[{"url":"https:\/\/www.asqp.org\/wp-content\/uploads\/2024\/01\/Affiche-Grand-Dej-30-sept01.doc-1024x725.jpg"}],"twitter_card":"summary_large_image","twitter_misc":{"Dur\u00e9e de lecture estim\u00e9e":"5 minutes"},"schema":{"@context":"https:\/\/schema.org","@graph":[{"@type":"WebPage","@id":"https:\/\/www.asqp.org\/?page_id=118","url":"https:\/\/www.asqp.org\/?page_id=118","name":"% - Agir Solidairement pour le Quartier Popincourt","isPartOf":{"@id":"https:\/\/www.asqp.org\/#website"},"datePublished":"2022-08-30T22:42:28+00:00","dateModified":"2024-01-24T21:11:54+00:00","description":"ASQP est une association de quartier situ\u00e9 \u00e0 Popincourt dans 11\u00e8me arrondissement de Paris","breadcrumb":{"@id":"https:\/\/www.asqp.org\/?page_id=118#breadcrumb"},"inLanguage":"fr-FR","potentialAction":[{"@type":"ReadAction","target":["https:\/\/www.asqp.org\/?page_id=118"]}]},{"@type":"BreadcrumbList","@id":"https:\/\/www.asqp.org\/?page_id=118#breadcrumb","itemListElement":[{"@type":"ListItem","position":1,"name":"Accueil","item":"https:\/\/www.asqp.org\/"},{"@type":"ListItem","position":2,"name":"Animation du quartier"}]},{"@type":"WebSite","@id":"https:\/\/www.asqp.org\/#website","url":"https:\/\/www.asqp.org\/","name":"Agir Solidairement pour le Quartier Popincourt","description":"ASQP est une association de quartier situ\u00e9 \u00e0 Popincourt dans le 11\u00e8me arrondissement de Paris","publisher":{"@id":"https:\/\/www.asqp.org\/#organization"},"potentialAction":[{"@type":"SearchAction","target":{"@type":"EntryPoint","urlTemplate":"https:\/\/www.asqp.org\/?s={search_term_string}"},"query-input":"required name=search_term_string"}],"inLanguage":"fr-FR"},{"@type":"Organization","@id":"https:\/\/www.asqp.org\/#organization","name":"Agir Solidairement pour le Quartier Popincourt","url":"https:\/\/www.asqp.org\/","logo":{"@type":"ImageObject","inLanguage":"fr-FR","@id":"https:\/\/www.asqp.org\/#\/schema\/logo\/image\/","url":"https:\/\/www.asqp.org\/wp-content\/uploads\/2022\/08\/cropped-logoasqp2019_OK.png","contentUrl":"https:\/\/www.asqp.org\/wp-content\/uploads\/2022\/08\/cropped-logoasqp2019_OK.png","width":1821,"height":1638,"caption":"Agir Solidairement pour le Quartier Popincourt"},"image":{"@id":"https:\/\/www.asqp.org\/#\/schema\/logo\/image\/"},"sameAs":["https:\/\/www.facebook.com\/ASQP75011\/"]}]}},"_links":{"self":[{"href":"https:\/\/www.asqp.org\/index.php?rest_route=\/wp\/v2\/pages\/118","targetHints":{"allow":["GET"]}}],"collection":[{"href":"https:\/\/www.asqp.org\/index.php?rest_route=\/wp\/v2\/pages"}],"about":[{"href":"https:\/\/www.asqp.org\/index.php?rest_route=\/wp\/v2\/types\/page"}],"author":[{"embeddable":true,"href":"https:\/\/www.asqp.org\/index.php?rest_route=\/wp\/v2\/users\/1"}],"replies":[{"embeddable":true,"href":"https:\/\/www.asqp.org\/index.php?rest_route=%2Fwp%2Fv2%2Fcomments&post=118"}],"version-history":[{"count":14,"href":"https:\/\/www.asqp.org\/index.php?rest_route=\/wp\/v2\/pages\/118\/revisions"}],"predecessor-version":[{"id":491,"href":"https:\/\/www.asqp.org\/index.php?rest_route=\/wp\/v2\/pages\/118\/revisions\/491"}],"wp:attachment":[{"href":"https:\/\/www.asqp.org\/index.php?rest_route=%2Fwp%2Fv2%2Fmedia&parent=118"}],"curies":[{"name":"wp","href":"https:\/\/api.w.org\/{rel}","templated":true}]}}