{"id":77,"date":"2022-08-31T00:37:24","date_gmt":"2022-08-30T22:37:24","guid":{"rendered":"http:\/\/asqporn.cluster030.hosting.ovh.net\/?page_id=77"},"modified":"2024-01-12T04:05:37","modified_gmt":"2024-01-12T03:05:37","slug":"creation-de-lassociation","status":"publish","type":"page","link":"https:\/\/www.asqp.org\/?page_id=77","title":{"rendered":"Cr\u00e9ation et histoire de l\u2019association"},"content":{"rendered":"\n<p class=\"has-neve-link-hover-color-color has-text-color has-medium-font-size\"><strong>L\u2019association a \u00e9t\u00e9 cr\u00e9\u00e9e en ao\u00fbt 1995, sous le nom \u00ab&nbsp;Sauvegarde du quartier Popincourt&nbsp;\u00bb,<\/strong> pour r\u00e9soudre les difficult\u00e9s cr\u00e9\u00e9es par la concentration de grossistes en v\u00eatements dans notre quartier&nbsp;: embouteillages monstres par les camions de livraison, pollution sonore, encombrement des rues par les poubelles et les chariots, d\u00e9chets de tissus jonchant les sols.<\/p>\n\n\n\n<p class=\"has-neve-link-hover-color-color has-text-color has-medium-font-size\">Pour r\u00e9guler cette activit\u00e9, l\u2019association et la Mairie d\u2019arrondissement (Georges Sarre) ont \u00e9labor\u00e9 une \u00ab&nbsp;Charte de convivialit\u00e9&nbsp;\u00bb rappelant les r\u00e8gles de stationnement, de livraison, de sorties et rentr\u00e9e des poubelles. La Charte a \u00e9t\u00e9 sign\u00e9e en juillet 1997 par tous les partenaires mais l\u2019Association de commer\u00e7ants&nbsp;(qui venait de se cr\u00e9er) n\u2019incluait par les plus nombreux d\u2019entre eux, les commer\u00e7ants chinois. Au bout d\u2019un an de \u00ab&nbsp;suivi de la Charte&nbsp;\u00bb, un bilan n\u00e9gatif a \u00e9t\u00e9 tir\u00e9, et les rencontres r\u00e9guli\u00e8res sous l\u2019\u00e9gide de la Mairie ont \u00e9t\u00e9 arr\u00eat\u00e9es.&nbsp;<\/p>\n\n\n\n<p class=\"has-neve-link-hover-color-color has-text-color has-medium-font-size\">Une association chinoise s\u2019est cr\u00e9\u00e9e courant 1999, l\u2019ACCPPF (Association des Commer\u00e7ants Chinois de Pr\u00eat-\u00e0-Porter en France). C\u2019est avec elle, et la Mairie bien s\u00fbr, que notre association, renomm\u00e9e en 2002 <strong>Agir Solidairement pour le Quartier Popincourt (ASQP)<\/strong>, a continu\u00e9 de mener des actions pour am\u00e9liorer la vie de tous au quotidien.<\/p>\n\n\n\n<p class=\"has-neve-link-hover-color-color has-text-color has-medium-font-size\">Nous avons ainsi obtenu&nbsp;: l\u2019\u00e9largissement des trottoirs (rues Sedaine et Popincourt), et le changement d\u2019horaire du ramassage des poubelles. Avec l\u2019ACCPPF, nous avons distribu\u00e9 un tract (en fran\u00e7ais et chinois) rappelant que \u00ab&nbsp;La propret\u00e9 du quartier est l\u2019affaire de tous&nbsp;\u00bb.<\/p>\n\n\n\n<p class=\"has-neve-link-hover-color-color has-text-color has-medium-font-size\"><strong>Les Petits-d\u00e9j\u2019 de quartier<\/strong>&nbsp;: organis\u00e9s depuis l\u2019automne 2000 (parfois 2 par an), ils ont permis une mobilisation croissante des riverains et une nouvelle animation conviviale de la rue Popincourt. En juin 2021, nous avons repris cette tradition.<\/p>\n\n\n\n<p class=\"has-neve-link-hover-color-color has-text-color has-medium-font-size\"><strong>Pour un projet de quartier&nbsp;:<\/strong><\/p>\n\n\n\n<p class=\"has-neve-link-hover-color-color has-text-color has-medium-font-size\">Au-del\u00e0 d\u2019\u00eatre <em>contre<\/em> la mono-activit\u00e9, nous voulions aussi promouvoir une d\u00e9marche active pour une rediversification \u00e9conomique du quartier (en 2003, le recensement d\u00e9nombrait 630 boutiques de grossistes&nbsp;!). L\u2019ASQP a saisi l\u2019opportunit\u00e9 de la vente des 3 parcelles d\u00e9tenues par La Poste rue Br\u00e9guet au cours des ann\u00e9es 2000, et la mission obtenue en 2004 par la Mairie du 11<sup>\u00e8me<\/sup> pour la revitalisation du quartier (men\u00e9e par la Semaest -Soci\u00e9t\u00e9 d\u2019\u00e9conomie mixte d\u2019am\u00e9nagement de l\u2019est parisien), pour s\u2019engager dans une r\u00e9flexion plus globale pour un \u00ab&nbsp;projet de quartier&nbsp;\u00bb.<\/p>\n\n\n\n<p class=\"has-neve-link-hover-color-color has-text-color has-medium-font-size\"><strong>Am\u00e9nagement de l\u2019\u00eelot Br\u00e9guet<\/strong><\/p>\n\n\n\n<p class=\"has-neve-link-hover-color-color has-text-color has-medium-font-size\">&#8211; L\u2019ancien Garage de la Poste, acquis en 2011 par le Cr\u00e9dit agricole&nbsp;: l\u2019ASQP a contr\u00f4l\u00e9 la reconstruction de cet \u00e9norme b\u00e2timent et obtenu que&nbsp;:&nbsp;<\/p>\n\n\n\n<p class=\"has-neve-link-hover-color-color has-text-color has-medium-font-size\">1\u00b0) le r\u00e8glement de copropri\u00e9t\u00e9 interdise toute installation d\u2019une monoactivit\u00e9 industrielle&nbsp;; une garantie suppl\u00e9mentaire r\u00e9side dans l\u2019acquisition par la Mairie de Paris d\u2019un des locaux du b\u00e2timent, devenu la MPAA (Maison des Pratiques Artistiques Amateurs), un lieu d\u2019animation suppl\u00e9mentaire pour notre quartier&nbsp;;<\/p>\n\n\n\n<p class=\"has-neve-link-hover-color-color has-text-color has-medium-font-size\">2\u00b0) le passage entre les rues Br\u00e9guet et Chemin vert soit ouvert au public&nbsp;;<\/p>\n\n\n\n<p class=\"has-neve-link-hover-color-color has-text-color has-medium-font-size\">3\u00b0) les locaux en rez-de-chauss\u00e9e (c\u00f4t\u00e9s Br\u00e9guet et Chemin vert) soient am\u00e9nag\u00e9s par la Semaest en commerces de proximit\u00e9.<\/p>\n\n\n\n<p class=\"has-neve-link-hover-color-color has-text-color has-medium-font-size\">4\u00b0) Acc\u00e8s du public \u00e0 la terrasse (clause encore refus\u00e9e \u00e0 ce jour par le locataire Publicis)<\/p>\n\n\n\n<p class=\"has-neve-link-hover-color-color has-text-color has-medium-font-size\">5\u00b0) Le Centre de tri de la Poste\u00a0: sur cette parcelle acquise par la Mairie de Paris, le b\u00e2timent a \u00e9t\u00e9 d\u00e9truit pour laisser place \u00e0 un projet diversifi\u00e9, dont la d\u00e9finition a \u00e9t\u00e9 \u00e9labor\u00e9e avec l\u2019ASQP\u00a0: logements sociaux, cr\u00e8che, salles de sport, et un jardin ouvert sur la rue Br\u00e9guet. Ce jardin a \u00e9t\u00e9 inaugur\u00e9 le 5 Mai 2021, portant les noms du couple \u201cLouise Talbot et Augustin Avrial\u201d, ouvriers militants du 11\u00e8me au 19\u00e8 si\u00e8cle.\u00a0<\/p>\n\n\n\n<p class=\"has-neve-link-hover-color-color has-text-color has-medium-font-size\"><strong>Rediversification \u00e9conomique du quartier&nbsp;:<\/strong><\/p>\n\n\n\n<p class=\"has-neve-link-hover-color-color has-text-color has-medium-font-size\">Depuis 2004, l\u2019ASQP a collabor\u00e9 avec la Semaest lors de ses diff\u00e9rentes missions de revitalisation commerciale du quartier&nbsp;: communication sur les locaux disponibles, sur les demandes de locaux par des entrepreneurs.<\/p>\n\n\n\n<p class=\"has-neve-link-hover-color-color has-text-color has-medium-font-size\">En 2006&nbsp;: Les \u00ab&nbsp;entrep\u00f4ts&nbsp;\u00bb sont d\u00e9sormais interdits en pied d\u2019immeuble d\u2019habitation.&nbsp;<\/p>\n\n\n\n<p class=\"has-neve-link-hover-color-color has-text-color has-medium-font-size\">Suite \u00e0 la mobilisation de l\u2019ASQP, la Direction de l\u2019Urbanisme a cr\u00e9\u00e9 une nouvelle d\u00e9finition de la \u00ab&nbsp;destination&nbsp;\u00bb des locaux dans le cadre du Plan Local d\u2019Urbanisme (PLU). Cette cat\u00e9gorie permet d\u2019interdire les commerces de gros en pied d\u2019immeuble d\u2019habitation, mais aussi les \u00ab&nbsp;Dark store&nbsp;\u00bb qui nuisent aux commerces de proximit\u00e9 (voir \u00ab&nbsp;nos combats&nbsp;\u00bb).<\/p>\n\n\n\n<p class=\"has-neve-link-hover-color-color has-text-color has-medium-font-size\">Depuis le d\u00e9part des grossistes vers le centre d\u2019Aubervilliers et l\u2019installation dans les ann\u00e9es 2010 de nouveaux commerces ind\u00e9pendamment des missions de la Semaest, l\u2019ASQP soutient \u00e9galement directement leurs promoteurs.&nbsp;<\/p>\n\n\n\n<p class=\"has-neve-link-hover-color-color has-text-color has-medium-font-size\">Avec l\u2019aide de Rodolphe Cotelle, consultant en Economie sociale et solidaire (ESS) travaillant dans notre quartier, l\u2019ASQP a organis\u00e9 en 2004 un march\u00e9 \u00ab&nbsp;Equit\u00e9co&nbsp;\u00bb. Puis nous avons red\u00e9fini en 2016 l\u2019objet de l\u2019association&nbsp;: pour un \u00ab&nbsp;quartier en transition&nbsp;\u00bb (Voir \u00ab&nbsp;nos combats&nbsp;\u00bb&nbsp;: Soutien \u00e0 la diversit\u00e9 commerciale, Territoire Z\u00e9ro D\u00e9chet,&nbsp; Monnaie locale. (Voir la contribution de l\u2019ASQP au \u00ab&nbsp;Grand d\u00e9bat national&nbsp;\u00bb, 2019).<\/p>\n\n\n\n<p class=\"has-neve-link-hover-color-color has-text-color has-medium-font-size\">Apr\u00e8s l\u2019installation de nombreux \u201ccommerces fant\u00f4mes\u201d fonctionnant sur le \u201cclick and collect\u201d (dark Stores), l\u2019ASQP a fait reconna\u00eetre ces commerces comme des \u201centrep\u00f4ts\u201d, dont l\u2019installation au pied d\u2019immeubles d\u2019habitation est interdite depuis la r\u00e9glementation du PLU 2006 (Plan Local d\u2019Urbanisme). Les proc\u00e9dures de verbalisation et de fermeture sont en cours depuis 2022; elles doivent s\u2019appliquer dans toute la Ville de Paris (d\u2019autres villes de France sont concern\u00e9es et pourraient adopter ces proc\u00e9dures).<\/p>\n\n\n\n<p class=\"has-neve-link-hover-color-color has-text-color has-medium-font-size\"><strong>Relations de l\u2019ASQP avec les commer\u00e7ants grossistes chinois&nbsp;:<\/strong><\/p>\n\n\n\n<ul class=\"has-neve-link-hover-color-color has-text-color has-medium-font-size wp-block-list\">\n<li>Deux projections-d\u00e9bats ont permis d\u2019impliquer les commer\u00e7ants chinois dans nos d\u00e9bats sur la vie du quartier&nbsp;: <strong>en 2007<\/strong>, autour du film \u00ab&nbsp;Les sentiers chinois de la r\u00e9ussite&nbsp;\u00bb, d\u2019Olivier Horn et Estelle Waechter (aussi diffus\u00e9 sur France 5)&nbsp;; et <strong>en 2008<\/strong> autour du film \u00ab&nbsp;Le l\u00e0-bas des Chinois d\u2019ici&nbsp;\u00bb, d\u2019Estelle et Betty Auguin, r\u00e9alis\u00e9 sur la base d\u2019une \u00e9tude ethnologique de terrain dans la r\u00e9gion de Wenzhou. Lors du d\u00e9bat, un doctorant italien qui menait une th\u00e8se sur une concentration similaire de grossistes dans le centre de la Ville de Rome nous a permis de comparer les r\u00e9ponses de la municipalit\u00e9 avec celles de la Ville de Paris (voir le document&nbsp;comparatif : lien).<\/li>\n<\/ul>\n\n\n\n<ul class=\"has-neve-link-hover-color-color has-text-color has-medium-font-size wp-block-list\">\n<li>Estelle Auguin et l\u2019association Hui-ji ont ensuite aid\u00e9 l\u2019ASQP \u00e0 organiser avec l\u2019ACCPPF une \u00ab&nbsp;<strong>F\u00eate de la lune<\/strong>&nbsp;\u00bb, facilitant des \u00e9changes plus personnels entre riverains et grossistes. Apr\u00e8s sa 1<sup>\u00e8re<\/sup> \u00e9dition en octobre 2009, nous avons continu\u00e9 ensemble chaque ann\u00e9e jusqu\u2019en 2016.&nbsp;<\/li>\n<\/ul>\n\n\n\n<ul class=\"has-neve-link-hover-color-color has-text-color has-medium-font-size wp-block-list\">\n<li><strong>\u00ab&nbsp;Popincourt d\u2019ici et d\u2019ailleurs&nbsp;: m\u00e9moires tiss\u00e9es, voix tiss\u00e9es \u00bb<\/strong>&nbsp;: ces 3 soir\u00e9es de rencontre se sont tenues <strong>en mai et juin 2011<\/strong>. R\u00e9cits crois\u00e9s de m\u00e9moire (la 1<sup>\u00e8re<\/sup> soir\u00e9e, \u00e0 la Mairie du 11\u00e8me) puis deux soir\u00e9es musicales&nbsp;: il s\u2019agissait de rappeler l\u2019histoire ancienne du quartier, avec ses vagues migratoires diverses dont celle des Jud\u00e9o-espagnols venus de l\u2019Empire ottoman dans les ann\u00e9es 1910-1930. Une mani\u00e8re de sensibiliser les commer\u00e7ants chinois \u00e0 ceux qui les avaient pr\u00e9c\u00e9d\u00e9s ici, qui travaillaient aussi comme grossistes mais dans le \u00ab&nbsp;blanc&nbsp;\u00bb (linge de maison). Une manifestation interculturelle&nbsp;r\u00e9ussie : lien vers le film de montage (20 min).<\/li>\n<\/ul>\n\n\n\n<ul class=\"has-neve-link-hover-color-color has-text-color wp-block-list\">\n<li>Depuis&nbsp;2012, l\u2019ASQP participe \u00e0 la f\u00eate du Nouvel an chinois coorganis\u00e9e par la Mairie du 11<sup>e<\/sup> avec l\u2019ACCPPF.<\/li>\n<\/ul>\n\n\n\n<p class=\"has-neve-link-hover-color-color has-text-color has-medium-font-size\"><strong>Trame verte&nbsp;: un projet \u00e9labor\u00e9 en 2009-2010<\/strong><\/p>\n\n\n\n<p class=\"has-neve-link-hover-color-color has-text-color has-medium-font-size\">Suite \u00e0 la d\u00e9cision de la Mairie du 11\u00e8me de construire un grand jardin face \u00e0 l\u2019Eglise Saint Ambroise sur le terrain occup\u00e9 par le Garage Merc\u00e9d\u00e8s, et au projet de Jardin dans la rue Br\u00e9guet (\u00e0 la place de l\u2019ancien centre de tri de La Poste) l\u2019ASQP a propos\u00e9 de relier les espaces verts qui \u00e9taient ainsi cr\u00e9\u00e9s avec ceux existants (Square Gardette, All\u00e9es du Bd Richard Lenoir). (Lien vers le plan propos\u00e9).<\/p>\n\n\n\n<p class=\"has-neve-link-hover-color-color has-text-color has-medium-font-size\"><strong>Babel\u2019Pop <\/strong>(2017&nbsp;: Galette de Babel Pop\u2019 et projection de films \u00ab&nbsp;Cin\u00e9 Ville ouverte&nbsp;\u00bb)<\/p>\n\n\n\n<p class=\"has-neve-link-hover-color-color has-text-color has-medium-font-size\">Rencontres d\u00e9bats autour de films sur le devenir des villes, l\u2019Economie sociale et solidaire (\u00e0 la Fondation pour le Progr\u00e8s de l\u2019Homme, Rue Saint Sabin).<\/p>\n\n\n\n<p class=\"has-neve-link-hover-color-color has-text-color has-medium-font-size\"><strong>Les Balades de l\u2019ASQP&nbsp;:<\/strong><\/p>\n\n\n\n<p class=\"has-neve-link-hover-color-color has-text-color has-medium-font-size\">Balades gourmandes (depuis 2018)<\/p>\n\n\n\n<p class=\"has-neve-link-hover-color-color has-text-color has-medium-font-size\">Balades patrimoniales (depuis 2019)<\/p>\n\n\n\n<p class=\"has-neve-link-hover-color-color has-text-color has-medium-font-size\">Balades des femmes remarquables (depuis 2021, avec le Conseil de Quartier Bastille Popincourt)<\/p>\n\n\n\n<p class=\"has-neve-link-hover-color-color has-text-color has-medium-font-size\"><strong>Avec le Jardin partag\u00e9 Truillot.<\/strong><\/p>\n\n\n\n<p class=\"has-neve-link-hover-color-color has-text-color has-medium-font-size\">P\u00e9riode du Covid (la page \u00ab&nbsp;Radio Truillot&nbsp;\u00bb sur Fb)<\/p>\n\n\n\n<p class=\"has-neve-link-hover-color-color has-text-color has-medium-font-size\">La lettre commune (L\u2019Echo Pop du XI\u00e8)<\/p>\n\n\n\n<p class=\"has-neve-link-hover-color-color has-text-color has-medium-font-size\"><strong>Le projet \u201cM\u00e9moires industrielles et ouvri\u00e8res du Quartier Popincourt\u201d.<\/strong><\/p>\n\n\n\n<p class=\"has-neve-link-hover-color-color has-text-color has-medium-font-size\">Projet port\u00e9 depuis 2018 par Delphine Goater et r\u00e9alis\u00e9 avec l\u2019aide de deux historiennes et de plusieurs b\u00e9n\u00e9voles.&nbsp;<\/p>\n\n\n\n<p class=\"has-neve-link-hover-color-color has-text-color has-medium-font-size\">L\u2019Exposition est install\u00e9e pour la 1\u00e8re fois en mai et juin 2021 sur les grilles du Square Francis Lemarque (Rue de la Roquette). Elle donne lieu \u00e0 plusieurs animations p\u00e9dagogiques \u00e0 destination des \u00e9coliers du 11\u00e8me arrondissement.<\/p>\n\n\n\n<p class=\"has-neve-link-hover-color-color has-text-color has-medium-font-size\"><strong>La Mission \u201cTerritoire Z\u00e9ro D\u00e9chet\u201d (depuis novembre 2022).<\/strong><\/p>\n\n\n\n<p class=\"has-neve-link-hover-color-color has-text-color has-medium-font-size\">Le 26 novembre: Lancement de la Mission par un \u201cGo\u00fbter z\u00e9ro d\u00e9chet de l\u2019ASQP\u201d.<\/p>\n","protected":false},"excerpt":{"rendered":"<p>L\u2019association a \u00e9t\u00e9 cr\u00e9\u00e9e en ao\u00fbt 1995, sous le nom \u00ab&nbsp;Sauvegarde du quartier Popincourt&nbsp;\u00bb, pour r\u00e9soudre les difficult\u00e9s cr\u00e9\u00e9es par la concentration de grossistes en v\u00eatements dans notre quartier&nbsp;: embouteillages monstres par les camions de livraison, pollution sonore, encombrement des rues par les poubelles et les chariots, d\u00e9chets de tissus jonchant les sols. Pour r\u00e9guler&hellip;&nbsp;<a href=\"https:\/\/www.asqp.org\/?page_id=77\" class=\"\" rel=\"bookmark\">Lire la suite &raquo;<span class=\"screen-reader-text\">Cr\u00e9ation et histoire de l\u2019association<\/span><\/a><\/p>\n","protected":false},"author":1,"featured_media":0,"parent":0,"menu_order":0,"comment_status":"closed","ping_status":"closed","template":"","meta":{"neve_meta_sidebar":"","neve_meta_container":"","neve_meta_enable_content_width":"","neve_meta_content_width":0,"neve_meta_title_alignment":"","neve_meta_author_avatar":"","neve_post_elements_order":"","neve_meta_disable_header":"","neve_meta_disable_footer":"","neve_meta_disable_title":"","footnotes":""},"class_list":["post-77","page","type-page","status-publish","hentry"],"yoast_head":"<!-- This site is optimized with the Yoast SEO plugin v21.4 - https:\/\/yoast.com\/wordpress\/plugins\/seo\/ -->\n<title>% - Agir Solidairement pour le Quartier Popincourt<\/title>\n<meta name=\"description\" content=\"ASQP est une association de quartier situ\u00e9 \u00e0 Popincourt dans 11\u00e8me arrondissement de Paris\" \/>\n<meta name=\"robots\" content=\"index, follow, max-snippet:-1, max-image-preview:large, max-video-preview:-1\" \/>\n<link rel=\"canonical\" href=\"https:\/\/www.asqp.org\/?page_id=77\" \/>\n<meta property=\"og:locale\" content=\"fr_FR\" \/>\n<meta property=\"og:type\" content=\"article\" \/>\n<meta property=\"og:title\" content=\"% - Agir Solidairement pour le Quartier Popincourt\" \/>\n<meta property=\"og:description\" content=\"ASQP est une association de quartier situ\u00e9 \u00e0 Popincourt dans 11\u00e8me arrondissement de Paris\" \/>\n<meta property=\"og:url\" content=\"https:\/\/www.asqp.org\/?page_id=77\" \/>\n<meta property=\"og:site_name\" content=\"Agir Solidairement pour le Quartier Popincourt\" \/>\n<meta property=\"article:publisher\" content=\"https:\/\/www.facebook.com\/ASQP75011\/\" \/>\n<meta property=\"article:modified_time\" content=\"2024-01-12T03:05:37+00:00\" \/>\n<meta property=\"og:image\" content=\"https:\/\/www.asqp.org\/wp-content\/uploads\/2022\/08\/cropped-cropped-logoasqp2019_OK.png\" \/>\n\t<meta property=\"og:image:width\" content=\"512\" \/>\n\t<meta property=\"og:image:height\" content=\"512\" \/>\n\t<meta property=\"og:image:type\" content=\"image\/png\" \/>\n<meta name=\"twitter:card\" content=\"summary_large_image\" \/>\n<meta name=\"twitter:label1\" content=\"Dur\u00e9e de lecture estim\u00e9e\" \/>\n\t<meta name=\"twitter:data1\" content=\"7 minutes\" \/>\n<script type=\"application\/ld+json\" class=\"yoast-schema-graph\">{\"@context\":\"https:\/\/schema.org\",\"@graph\":[{\"@type\":\"WebPage\",\"@id\":\"https:\/\/www.asqp.org\/?page_id=77\",\"url\":\"https:\/\/www.asqp.org\/?page_id=77\",\"name\":\"% - Agir Solidairement pour le Quartier Popincourt\",\"isPartOf\":{\"@id\":\"https:\/\/www.asqp.org\/#website\"},\"datePublished\":\"2022-08-30T22:37:24+00:00\",\"dateModified\":\"2024-01-12T03:05:37+00:00\",\"description\":\"ASQP est une association de quartier situ\u00e9 \u00e0 Popincourt dans 11\u00e8me arrondissement de Paris\",\"breadcrumb\":{\"@id\":\"https:\/\/www.asqp.org\/?page_id=77#breadcrumb\"},\"inLanguage\":\"fr-FR\",\"potentialAction\":[{\"@type\":\"ReadAction\",\"target\":[\"https:\/\/www.asqp.org\/?page_id=77\"]}]},{\"@type\":\"BreadcrumbList\",\"@id\":\"https:\/\/www.asqp.org\/?page_id=77#breadcrumb\",\"itemListElement\":[{\"@type\":\"ListItem\",\"position\":1,\"name\":\"Accueil\",\"item\":\"https:\/\/www.asqp.org\/\"},{\"@type\":\"ListItem\",\"position\":2,\"name\":\"Cr\u00e9ation et histoire de l\u2019association\"}]},{\"@type\":\"WebSite\",\"@id\":\"https:\/\/www.asqp.org\/#website\",\"url\":\"https:\/\/www.asqp.org\/\",\"name\":\"Agir Solidairement pour le Quartier Popincourt\",\"description\":\"ASQP est une association de quartier situ\u00e9 \u00e0 Popincourt dans le 11\u00e8me arrondissement de Paris\",\"publisher\":{\"@id\":\"https:\/\/www.asqp.org\/#organization\"},\"potentialAction\":[{\"@type\":\"SearchAction\",\"target\":{\"@type\":\"EntryPoint\",\"urlTemplate\":\"https:\/\/www.asqp.org\/?s={search_term_string}\"},\"query-input\":\"required name=search_term_string\"}],\"inLanguage\":\"fr-FR\"},{\"@type\":\"Organization\",\"@id\":\"https:\/\/www.asqp.org\/#organization\",\"name\":\"Agir Solidairement pour le Quartier Popincourt\",\"url\":\"https:\/\/www.asqp.org\/\",\"logo\":{\"@type\":\"ImageObject\",\"inLanguage\":\"fr-FR\",\"@id\":\"https:\/\/www.asqp.org\/#\/schema\/logo\/image\/\",\"url\":\"https:\/\/www.asqp.org\/wp-content\/uploads\/2022\/08\/cropped-logoasqp2019_OK.png\",\"contentUrl\":\"https:\/\/www.asqp.org\/wp-content\/uploads\/2022\/08\/cropped-logoasqp2019_OK.png\",\"width\":1821,\"height\":1638,\"caption\":\"Agir Solidairement pour le Quartier Popincourt\"},\"image\":{\"@id\":\"https:\/\/www.asqp.org\/#\/schema\/logo\/image\/\"},\"sameAs\":[\"https:\/\/www.facebook.com\/ASQP75011\/\"]}]}<\/script>\n<!-- \/ Yoast SEO plugin. -->","yoast_head_json":{"title":"% - Agir Solidairement pour le Quartier Popincourt","description":"ASQP est une association de quartier situ\u00e9 \u00e0 Popincourt dans 11\u00e8me arrondissement de Paris","robots":{"index":"index","follow":"follow","max-snippet":"max-snippet:-1","max-image-preview":"max-image-preview:large","max-video-preview":"max-video-preview:-1"},"canonical":"https:\/\/www.asqp.org\/?page_id=77","og_locale":"fr_FR","og_type":"article","og_title":"% - Agir Solidairement pour le Quartier Popincourt","og_description":"ASQP est une association de quartier situ\u00e9 \u00e0 Popincourt dans 11\u00e8me arrondissement de Paris","og_url":"https:\/\/www.asqp.org\/?page_id=77","og_site_name":"Agir Solidairement pour le Quartier Popincourt","article_publisher":"https:\/\/www.facebook.com\/ASQP75011\/","article_modified_time":"2024-01-12T03:05:37+00:00","og_image":[{"width":512,"height":512,"url":"https:\/\/www.asqp.org\/wp-content\/uploads\/2022\/08\/cropped-cropped-logoasqp2019_OK.png","type":"image\/png"}],"twitter_card":"summary_large_image","twitter_misc":{"Dur\u00e9e de lecture estim\u00e9e":"7 minutes"},"schema":{"@context":"https:\/\/schema.org","@graph":[{"@type":"WebPage","@id":"https:\/\/www.asqp.org\/?page_id=77","url":"https:\/\/www.asqp.org\/?page_id=77","name":"% - Agir Solidairement pour le Quartier Popincourt","isPartOf":{"@id":"https:\/\/www.asqp.org\/#website"},"datePublished":"2022-08-30T22:37:24+00:00","dateModified":"2024-01-12T03:05:37+00:00","description":"ASQP est une association de quartier situ\u00e9 \u00e0 Popincourt dans 11\u00e8me arrondissement de Paris","breadcrumb":{"@id":"https:\/\/www.asqp.org\/?page_id=77#breadcrumb"},"inLanguage":"fr-FR","potentialAction":[{"@type":"ReadAction","target":["https:\/\/www.asqp.org\/?page_id=77"]}]},{"@type":"BreadcrumbList","@id":"https:\/\/www.asqp.org\/?page_id=77#breadcrumb","itemListElement":[{"@type":"ListItem","position":1,"name":"Accueil","item":"https:\/\/www.asqp.org\/"},{"@type":"ListItem","position":2,"name":"Cr\u00e9ation et histoire de l\u2019association"}]},{"@type":"WebSite","@id":"https:\/\/www.asqp.org\/#website","url":"https:\/\/www.asqp.org\/","name":"Agir Solidairement pour le Quartier Popincourt","description":"ASQP est une association de quartier situ\u00e9 \u00e0 Popincourt dans le 11\u00e8me arrondissement de Paris","publisher":{"@id":"https:\/\/www.asqp.org\/#organization"},"potentialAction":[{"@type":"SearchAction","target":{"@type":"EntryPoint","urlTemplate":"https:\/\/www.asqp.org\/?s={search_term_string}"},"query-input":"required name=search_term_string"}],"inLanguage":"fr-FR"},{"@type":"Organization","@id":"https:\/\/www.asqp.org\/#organization","name":"Agir Solidairement pour le Quartier Popincourt","url":"https:\/\/www.asqp.org\/","logo":{"@type":"ImageObject","inLanguage":"fr-FR","@id":"https:\/\/www.asqp.org\/#\/schema\/logo\/image\/","url":"https:\/\/www.asqp.org\/wp-content\/uploads\/2022\/08\/cropped-logoasqp2019_OK.png","contentUrl":"https:\/\/www.asqp.org\/wp-content\/uploads\/2022\/08\/cropped-logoasqp2019_OK.png","width":1821,"height":1638,"caption":"Agir Solidairement pour le Quartier Popincourt"},"image":{"@id":"https:\/\/www.asqp.org\/#\/schema\/logo\/image\/"},"sameAs":["https:\/\/www.facebook.com\/ASQP75011\/"]}]}},"_links":{"self":[{"href":"https:\/\/www.asqp.org\/index.php?rest_route=\/wp\/v2\/pages\/77","targetHints":{"allow":["GET"]}}],"collection":[{"href":"https:\/\/www.asqp.org\/index.php?rest_route=\/wp\/v2\/pages"}],"about":[{"href":"https:\/\/www.asqp.org\/index.php?rest_route=\/wp\/v2\/types\/page"}],"author":[{"embeddable":true,"href":"https:\/\/www.asqp.org\/index.php?rest_route=\/wp\/v2\/users\/1"}],"replies":[{"embeddable":true,"href":"https:\/\/www.asqp.org\/index.php?rest_route=%2Fwp%2Fv2%2Fcomments&post=77"}],"version-history":[{"count":3,"href":"https:\/\/www.asqp.org\/index.php?rest_route=\/wp\/v2\/pages\/77\/revisions"}],"predecessor-version":[{"id":336,"href":"https:\/\/www.asqp.org\/index.php?rest_route=\/wp\/v2\/pages\/77\/revisions\/336"}],"wp:attachment":[{"href":"https:\/\/www.asqp.org\/index.php?rest_route=%2Fwp%2Fv2%2Fmedia&parent=77"}],"curies":[{"name":"wp","href":"https:\/\/api.w.org\/{rel}","templated":true}]}}