{"id":80,"date":"2022-08-31T00:37:36","date_gmt":"2022-08-30T22:37:36","guid":{"rendered":"http:\/\/asqporn.cluster030.hosting.ovh.net\/?page_id=80"},"modified":"2024-01-11T05:49:32","modified_gmt":"2024-01-11T04:49:32","slug":"grandes-dates-de-lassociation","status":"publish","type":"page","link":"https:\/\/www.asqp.org\/?page_id=80","title":{"rendered":"Grandes dates de l\u2019association"},"content":{"rendered":"\n<p class=\"has-medium-font-size\"><mark style=\"background-color:rgba(0, 0, 0, 0)\" class=\"has-inline-color has-neve-link-hover-color-color\"><strong>Ao\u00fbt 1995\u00a0: <\/strong>cr\u00e9ation de l\u2019association \u00ab\u00a0Sauvegarde du quartier Popincourt\u00a0\u00bb, commun\u00e9ment d\u00e9sign\u00e9e \u00ab\u00a0La SQP\u00a0\u00bb.\u00a0<\/mark><\/p>\n\n\n\n<p class=\"has-neve-link-hover-color-color has-text-color has-medium-font-size\"><strong>Ao\u00fbt 1997<\/strong>&nbsp;<strong>: <\/strong>Signature d\u2019une \u00ab&nbsp;Charte de Convivialit\u00e9&nbsp;\u00bb avec la Mairie du 11\u00e8me et une association de commer\u00e7ants.<\/p>\n\n\n\n<p class=\"has-neve-link-hover-color-color has-text-color has-medium-font-size\"><strong>1999<\/strong>&nbsp;<strong>: <\/strong>Cr\u00e9ation de l\u2019ACCPPF (Association des Commer\u00e7ants Chinois de Pr\u00eat-\u00e0-Porter en France), qui deviendra l\u2019interlocuteur de l\u2019ASQP.<\/p>\n\n\n\n<p class=\"has-neve-link-hover-color-color has-text-color has-medium-font-size\"><strong>Octobre 2000&nbsp;:<\/strong> 1er \u00ab&nbsp;Petit d\u00e9jeuner de l\u2019ASQP&nbsp;\u00bb.<\/p>\n\n\n\n<p class=\"has-neve-link-hover-color-color has-text-color has-medium-font-size\"><strong>2000 \u00e0 2015<\/strong> <strong>: <\/strong>suivi des projets d\u2019am\u00e9nagement des 3 parcelles de l\u2019\u00eelot Br\u00e9guet. La 3\u00e8me parcelle (Centre de tri) sera acquise par la Mairie de Paris en\u00a02002 pour accueillir\u00a0: un Jardin public, un b\u00e2timent de logements sociaux (Paris Habitat), une cr\u00e8che et un b\u00e2timent de salles de sport.<\/p>\n\n\n\n<p class=\"has-neve-link-hover-color-color has-text-color has-medium-font-size\"><strong>2002&nbsp;:<\/strong> changement de nom&nbsp;: Agir Solidairement pour le Quartier Popincourt (ASQP)<\/p>\n\n\n\n<p class=\"has-neve-link-hover-color-color has-text-color has-medium-font-size\"><strong>2004<\/strong>&nbsp;<strong>:<\/strong> 1\u00e8re Mission de la Semaest pour la \u00ab&nbsp;rediversification commerciale&nbsp;\u00bb du Quartier.<\/p>\n\n\n\n<p class=\"has-neve-link-hover-color-color has-text-color has-medium-font-size\"><strong>2004&nbsp;: <\/strong>Animation d\u2019un march\u00e9 \u00ab&nbsp;Equit\u00e9co&nbsp;\u00bb avec Rodophe Cotelle.<\/p>\n\n\n\n<p class=\"has-neve-link-hover-color-color has-text-color has-medium-font-size\"><strong>2006&nbsp;: <\/strong>Le nouveau Plan Local d\u2019Urbanisme (PLU) cr\u00e9e une cat\u00e9gorie nouvelle de destination des locaux&nbsp;: l\u2019\u00ab&nbsp;entrep\u00f4t&nbsp;\u00bb, afin de distinguer les commerces de proximit\u00e9 des commerces de gros. Les entrep\u00f4ts sont d\u00e9sormais interdits en pied d\u2019immeuble d\u2019habitation.&nbsp;<\/p>\n\n\n\n<p class=\"has-neve-link-hover-color-color has-text-color has-medium-font-size\"><strong>2007 et 2008<\/strong>&nbsp;<strong>:<\/strong> Deux projections-d\u00e9bats autour de l\u2019activit\u00e9 des grossistes dans le quartier, avec participation des commer\u00e7ants.<\/p>\n\n\n\n<p class=\"has-neve-link-hover-color-color has-text-color has-medium-font-size\"><strong>2009-2010&nbsp;: projet de Trame verte <\/strong>(Lien vers le plan propos\u00e9).<\/p>\n\n\n\n<p class=\"has-neve-link-hover-color-color has-text-color has-medium-font-size\"><strong>Mai-juin 2011&nbsp;:<\/strong> <strong>\u00ab&nbsp;Popincourt d\u2019ici et d\u2019ailleurs&nbsp;: m\u00e9moires tiss\u00e9es, voix tiss\u00e9es \u00bb<\/strong>&nbsp;: 3 soir\u00e9es de rencontre entre Migrants chinois et anciens migrants jud\u00e9o-espagnols. Montage vid\u00e9o des 3 soir\u00e9es. lien vers le film de montage (20 min).<\/p>\n\n\n\n<p class=\"has-neve-link-hover-color-color has-text-color has-medium-font-size\"><strong>2016&nbsp;: <\/strong>Premier \u00ab&nbsp;Disco\u2019 Soup\u2019&nbsp;\u00bb rue Popincourt<\/p>\n\n\n\n<p class=\"has-neve-link-hover-color-color has-text-color has-medium-font-size\"><strong>2017&nbsp;: Babel\u2019Pop <\/strong>(Galette au Grand Br\u00e9guet + projection de films \u00ab&nbsp;Cin\u00e9 Ville ouverte&nbsp;\u00bb)<\/p>\n\n\n\n<p class=\"has-neve-link-hover-color-color has-text-color has-medium-font-size\">Rencontres d\u00e9bats autour de plusieurs films, \u00e0 la Fondation pour le Progr\u00e8s de l\u2019Homme.<\/p>\n\n\n\n<p class=\"has-neve-link-hover-color-color has-text-color has-medium-font-size\"><strong>A Partir de&nbsp;2018 : <\/strong>Balades gourmandes<\/p>\n\n\n\n<p class=\"has-neve-link-hover-color-color has-text-color has-medium-font-size\"><strong>A partir de&nbsp;2019 : <\/strong>Balades patrimoniales<\/p>\n\n\n\n<p class=\"has-neve-link-hover-color-color has-text-color has-medium-font-size\"><strong>A partir de&nbsp;2021 : <\/strong>Balades des femmes remarquables du 11\u00e8me (avec le CQBP).<\/p>\n\n\n\n<p class=\"has-neve-link-hover-color-color has-text-color has-medium-font-size\"><strong>Mai-Juin 2021&nbsp;:<\/strong> Exposition M\u00e9moires industrielles et ouvri\u00e8res du Quartier Popincourt, Grilles du Square Francis Lemarque (Rue de la Roquette).<\/p>\n\n\n\n<p class=\"has-neve-link-hover-color-color has-text-color has-medium-font-size\"><strong>5 Mai 2021<\/strong>&nbsp;<strong>: <\/strong>Inauguration du Square \u00ab&nbsp;Louise Talbot \u2013 Augustin Avrial&nbsp;\u00bb, rue Br\u00e9guet.<\/p>\n\n\n\n<p class=\"has-neve-link-hover-color-color has-text-color has-medium-font-size\"><strong>Novembre 2022<\/strong>&nbsp;<strong>: <\/strong>Lancement de la Mission \u00ab&nbsp;Territoire Z\u00e9ro d\u00e9chet&nbsp;\u00bb.<\/p>\n","protected":false},"excerpt":{"rendered":"<p>Ao\u00fbt 1995\u00a0: cr\u00e9ation de l\u2019association \u00ab\u00a0Sauvegarde du quartier Popincourt\u00a0\u00bb, commun\u00e9ment d\u00e9sign\u00e9e \u00ab\u00a0La SQP\u00a0\u00bb.\u00a0 Ao\u00fbt 1997&nbsp;: Signature d\u2019une \u00ab&nbsp;Charte de Convivialit\u00e9&nbsp;\u00bb avec la Mairie du 11\u00e8me et une association de commer\u00e7ants. 1999&nbsp;: Cr\u00e9ation de l\u2019ACCPPF (Association des Commer\u00e7ants Chinois de Pr\u00eat-\u00e0-Porter en France), qui deviendra l\u2019interlocuteur de l\u2019ASQP. Octobre 2000&nbsp;: 1er \u00ab&nbsp;Petit d\u00e9jeuner de l\u2019ASQP&nbsp;\u00bb. 2000&hellip;&nbsp;<a href=\"https:\/\/www.asqp.org\/?page_id=80\" class=\"\" rel=\"bookmark\">Lire la suite &raquo;<span class=\"screen-reader-text\">Grandes dates de l\u2019association<\/span><\/a><\/p>\n","protected":false},"author":1,"featured_media":0,"parent":0,"menu_order":0,"comment_status":"closed","ping_status":"closed","template":"","meta":{"neve_meta_sidebar":"","neve_meta_container":"","neve_meta_enable_content_width":"","neve_meta_content_width":0,"neve_meta_title_alignment":"","neve_meta_author_avatar":"","neve_post_elements_order":"","neve_meta_disable_header":"","neve_meta_disable_footer":"","neve_meta_disable_title":"","footnotes":""},"class_list":["post-80","page","type-page","status-publish","hentry"],"yoast_head":"<!-- This site is optimized with the Yoast SEO plugin v21.4 - https:\/\/yoast.com\/wordpress\/plugins\/seo\/ -->\n<title>% - Agir Solidairement pour le Quartier Popincourt<\/title>\n<meta name=\"description\" content=\"ASQP est une association de quartier situ\u00e9 \u00e0 Popincourt dans 11\u00e8me arrondissement de Paris\" \/>\n<meta name=\"robots\" content=\"index, follow, max-snippet:-1, max-image-preview:large, max-video-preview:-1\" \/>\n<link rel=\"canonical\" href=\"https:\/\/www.asqp.org\/?page_id=80\" \/>\n<meta property=\"og:locale\" content=\"fr_FR\" \/>\n<meta property=\"og:type\" content=\"article\" \/>\n<meta property=\"og:title\" content=\"% - Agir Solidairement pour le Quartier Popincourt\" \/>\n<meta property=\"og:description\" content=\"ASQP est une association de quartier situ\u00e9 \u00e0 Popincourt dans 11\u00e8me arrondissement de Paris\" \/>\n<meta property=\"og:url\" content=\"https:\/\/www.asqp.org\/?page_id=80\" \/>\n<meta property=\"og:site_name\" content=\"Agir Solidairement pour le Quartier Popincourt\" \/>\n<meta property=\"article:publisher\" content=\"https:\/\/www.facebook.com\/ASQP75011\/\" \/>\n<meta property=\"article:modified_time\" content=\"2024-01-11T04:49:32+00:00\" \/>\n<meta property=\"og:image\" content=\"https:\/\/www.asqp.org\/wp-content\/uploads\/2022\/08\/cropped-cropped-logoasqp2019_OK.png\" \/>\n\t<meta property=\"og:image:width\" content=\"512\" \/>\n\t<meta property=\"og:image:height\" content=\"512\" \/>\n\t<meta property=\"og:image:type\" content=\"image\/png\" \/>\n<meta name=\"twitter:card\" content=\"summary_large_image\" \/>\n<meta name=\"twitter:label1\" content=\"Dur\u00e9e de lecture estim\u00e9e\" \/>\n\t<meta name=\"twitter:data1\" content=\"2 minutes\" \/>\n<script type=\"application\/ld+json\" class=\"yoast-schema-graph\">{\"@context\":\"https:\/\/schema.org\",\"@graph\":[{\"@type\":\"WebPage\",\"@id\":\"https:\/\/www.asqp.org\/?page_id=80\",\"url\":\"https:\/\/www.asqp.org\/?page_id=80\",\"name\":\"% - Agir Solidairement pour le Quartier Popincourt\",\"isPartOf\":{\"@id\":\"https:\/\/www.asqp.org\/#website\"},\"datePublished\":\"2022-08-30T22:37:36+00:00\",\"dateModified\":\"2024-01-11T04:49:32+00:00\",\"description\":\"ASQP est une association de quartier situ\u00e9 \u00e0 Popincourt dans 11\u00e8me arrondissement de Paris\",\"breadcrumb\":{\"@id\":\"https:\/\/www.asqp.org\/?page_id=80#breadcrumb\"},\"inLanguage\":\"fr-FR\",\"potentialAction\":[{\"@type\":\"ReadAction\",\"target\":[\"https:\/\/www.asqp.org\/?page_id=80\"]}]},{\"@type\":\"BreadcrumbList\",\"@id\":\"https:\/\/www.asqp.org\/?page_id=80#breadcrumb\",\"itemListElement\":[{\"@type\":\"ListItem\",\"position\":1,\"name\":\"Accueil\",\"item\":\"https:\/\/www.asqp.org\/\"},{\"@type\":\"ListItem\",\"position\":2,\"name\":\"Grandes dates de l\u2019association\"}]},{\"@type\":\"WebSite\",\"@id\":\"https:\/\/www.asqp.org\/#website\",\"url\":\"https:\/\/www.asqp.org\/\",\"name\":\"Agir Solidairement pour le Quartier Popincourt\",\"description\":\"ASQP est une association de quartier situ\u00e9 \u00e0 Popincourt dans le 11\u00e8me arrondissement de Paris\",\"publisher\":{\"@id\":\"https:\/\/www.asqp.org\/#organization\"},\"potentialAction\":[{\"@type\":\"SearchAction\",\"target\":{\"@type\":\"EntryPoint\",\"urlTemplate\":\"https:\/\/www.asqp.org\/?s={search_term_string}\"},\"query-input\":\"required name=search_term_string\"}],\"inLanguage\":\"fr-FR\"},{\"@type\":\"Organization\",\"@id\":\"https:\/\/www.asqp.org\/#organization\",\"name\":\"Agir Solidairement pour le Quartier Popincourt\",\"url\":\"https:\/\/www.asqp.org\/\",\"logo\":{\"@type\":\"ImageObject\",\"inLanguage\":\"fr-FR\",\"@id\":\"https:\/\/www.asqp.org\/#\/schema\/logo\/image\/\",\"url\":\"https:\/\/www.asqp.org\/wp-content\/uploads\/2022\/08\/cropped-logoasqp2019_OK.png\",\"contentUrl\":\"https:\/\/www.asqp.org\/wp-content\/uploads\/2022\/08\/cropped-logoasqp2019_OK.png\",\"width\":1821,\"height\":1638,\"caption\":\"Agir Solidairement pour le Quartier Popincourt\"},\"image\":{\"@id\":\"https:\/\/www.asqp.org\/#\/schema\/logo\/image\/\"},\"sameAs\":[\"https:\/\/www.facebook.com\/ASQP75011\/\"]}]}<\/script>\n<!-- \/ Yoast SEO plugin. -->","yoast_head_json":{"title":"% - Agir Solidairement pour le Quartier Popincourt","description":"ASQP est une association de quartier situ\u00e9 \u00e0 Popincourt dans 11\u00e8me arrondissement de Paris","robots":{"index":"index","follow":"follow","max-snippet":"max-snippet:-1","max-image-preview":"max-image-preview:large","max-video-preview":"max-video-preview:-1"},"canonical":"https:\/\/www.asqp.org\/?page_id=80","og_locale":"fr_FR","og_type":"article","og_title":"% - Agir Solidairement pour le Quartier Popincourt","og_description":"ASQP est une association de quartier situ\u00e9 \u00e0 Popincourt dans 11\u00e8me arrondissement de Paris","og_url":"https:\/\/www.asqp.org\/?page_id=80","og_site_name":"Agir Solidairement pour le Quartier Popincourt","article_publisher":"https:\/\/www.facebook.com\/ASQP75011\/","article_modified_time":"2024-01-11T04:49:32+00:00","og_image":[{"width":512,"height":512,"url":"https:\/\/www.asqp.org\/wp-content\/uploads\/2022\/08\/cropped-cropped-logoasqp2019_OK.png","type":"image\/png"}],"twitter_card":"summary_large_image","twitter_misc":{"Dur\u00e9e de lecture estim\u00e9e":"2 minutes"},"schema":{"@context":"https:\/\/schema.org","@graph":[{"@type":"WebPage","@id":"https:\/\/www.asqp.org\/?page_id=80","url":"https:\/\/www.asqp.org\/?page_id=80","name":"% - Agir Solidairement pour le Quartier Popincourt","isPartOf":{"@id":"https:\/\/www.asqp.org\/#website"},"datePublished":"2022-08-30T22:37:36+00:00","dateModified":"2024-01-11T04:49:32+00:00","description":"ASQP est une association de quartier situ\u00e9 \u00e0 Popincourt dans 11\u00e8me arrondissement de Paris","breadcrumb":{"@id":"https:\/\/www.asqp.org\/?page_id=80#breadcrumb"},"inLanguage":"fr-FR","potentialAction":[{"@type":"ReadAction","target":["https:\/\/www.asqp.org\/?page_id=80"]}]},{"@type":"BreadcrumbList","@id":"https:\/\/www.asqp.org\/?page_id=80#breadcrumb","itemListElement":[{"@type":"ListItem","position":1,"name":"Accueil","item":"https:\/\/www.asqp.org\/"},{"@type":"ListItem","position":2,"name":"Grandes dates de l\u2019association"}]},{"@type":"WebSite","@id":"https:\/\/www.asqp.org\/#website","url":"https:\/\/www.asqp.org\/","name":"Agir Solidairement pour le Quartier Popincourt","description":"ASQP est une association de quartier situ\u00e9 \u00e0 Popincourt dans le 11\u00e8me arrondissement de Paris","publisher":{"@id":"https:\/\/www.asqp.org\/#organization"},"potentialAction":[{"@type":"SearchAction","target":{"@type":"EntryPoint","urlTemplate":"https:\/\/www.asqp.org\/?s={search_term_string}"},"query-input":"required name=search_term_string"}],"inLanguage":"fr-FR"},{"@type":"Organization","@id":"https:\/\/www.asqp.org\/#organization","name":"Agir Solidairement pour le Quartier Popincourt","url":"https:\/\/www.asqp.org\/","logo":{"@type":"ImageObject","inLanguage":"fr-FR","@id":"https:\/\/www.asqp.org\/#\/schema\/logo\/image\/","url":"https:\/\/www.asqp.org\/wp-content\/uploads\/2022\/08\/cropped-logoasqp2019_OK.png","contentUrl":"https:\/\/www.asqp.org\/wp-content\/uploads\/2022\/08\/cropped-logoasqp2019_OK.png","width":1821,"height":1638,"caption":"Agir Solidairement pour le Quartier Popincourt"},"image":{"@id":"https:\/\/www.asqp.org\/#\/schema\/logo\/image\/"},"sameAs":["https:\/\/www.facebook.com\/ASQP75011\/"]}]}},"_links":{"self":[{"href":"https:\/\/www.asqp.org\/index.php?rest_route=\/wp\/v2\/pages\/80","targetHints":{"allow":["GET"]}}],"collection":[{"href":"https:\/\/www.asqp.org\/index.php?rest_route=\/wp\/v2\/pages"}],"about":[{"href":"https:\/\/www.asqp.org\/index.php?rest_route=\/wp\/v2\/types\/page"}],"author":[{"embeddable":true,"href":"https:\/\/www.asqp.org\/index.php?rest_route=\/wp\/v2\/users\/1"}],"replies":[{"embeddable":true,"href":"https:\/\/www.asqp.org\/index.php?rest_route=%2Fwp%2Fv2%2Fcomments&post=80"}],"version-history":[{"count":16,"href":"https:\/\/www.asqp.org\/index.php?rest_route=\/wp\/v2\/pages\/80\/revisions"}],"predecessor-version":[{"id":333,"href":"https:\/\/www.asqp.org\/index.php?rest_route=\/wp\/v2\/pages\/80\/revisions\/333"}],"wp:attachment":[{"href":"https:\/\/www.asqp.org\/index.php?rest_route=%2Fwp%2Fv2%2Fmedia&parent=80"}],"curies":[{"name":"wp","href":"https:\/\/api.w.org\/{rel}","templated":true}]}}