{"id":86,"date":"2022-08-31T00:38:03","date_gmt":"2022-08-30T22:38:03","guid":{"rendered":"http:\/\/asqporn.cluster030.hosting.ovh.net\/?page_id=86"},"modified":"2024-01-24T21:21:05","modified_gmt":"2024-01-24T20:21:05","slug":"diversite-commerciale-lutte-contre-la-monoactivite-soutien-aux-commercants-locaux-plu","status":"publish","type":"page","link":"https:\/\/www.asqp.org\/?page_id=86","title":{"rendered":"Diversit\u00e9 commerciale\u00a0(lutte contre la monoactivit\u00e9, soutien aux commer\u00e7ants locaux, PLU\u2026)"},"content":{"rendered":"\n<p><\/p>\n\n\n\n<p class=\"has-neve-link-hover-color-color has-text-color has-link-color has-medium-font-size wp-elements-8858e32d67e0b18eec174c6affa80582\">La lutte pour la diversit\u00e9 commerciale est une des principales raisons pourquoi l\u2019association s\u2019est cr\u00e9\u00e9e. En effet, en 1995, sous le nom de <strong>\u00ab<\/strong> Sauvegarde du quartier Popincourt <strong>\u00bb<\/strong>, l\u2019association essaie de pr\u00e9server la diversit\u00e9 commerciale du quartier contre l\u2019arriv\u00e9e de nombreux grossistes de v\u00eatements. Ces derniers causant nombre de probl\u00e8mes dans le quartier : embouteillages monstres par les camions de livraison, pollution sonore, encombrement des rues par les poubelles et les chariots, d\u00e9chets de tissus jonchant les sols.<\/p>\n\n\n\n<p class=\"has-neve-link-hover-color-color has-text-color has-link-color has-medium-font-size wp-elements-5c0f270a8d70307a4fb7d77bfbbdfc53\">Pour r\u00e9guler cette activit\u00e9, l\u2019association et la Mairie d\u2019arrondissement (Georges Sarre) ont \u00e9labor\u00e9 une \u00ab&nbsp;Charte de convivialit\u00e9&nbsp;\u00bb rappelant les r\u00e8gles de stationnement, de livraison, de sorties et rentr\u00e9e des poubelles. La Charte a \u00e9t\u00e9 sign\u00e9e en juillet 1997 par tous les partenaires mais l\u2019Association de commer\u00e7ants&nbsp;(qui venait de se cr\u00e9er) n\u2019incluait par les plus nombreux d\u2019entre eux, les commer\u00e7ants chinois. Au bout d\u2019un an de \u00ab&nbsp;suivi de la Charte&nbsp;\u00bb, un bilan n\u00e9gatif a \u00e9t\u00e9 tir\u00e9, et les rencontres r\u00e9guli\u00e8res sous l\u2019\u00e9gide de la Mairie ont \u00e9t\u00e9 arr\u00eat\u00e9es.&nbsp;<\/p>\n\n\n\n<p class=\"has-neve-link-hover-color-color has-text-color has-link-color has-medium-font-size wp-elements-90ef5356c9905bfbba03a7ebf35cd61d\">Une association chinoise s\u2019est cr\u00e9\u00e9e courant 1999, l\u2019ACCPPF (Association des Commer\u00e7ants Chinois de Pr\u00eat-\u00e0-Porter en France). C\u2019est avec elle, et la Mairie bien s\u00fbr, que notre association, renomm\u00e9e en 2002&nbsp;<strong>Agir Solidairement pour le Quartier Popincourt (ASQP)<\/strong>, a continu\u00e9 de mener des actions pour am\u00e9liorer la vie de tous au quotidien.<\/p>\n\n\n\n<p class=\"has-neve-link-hover-color-color has-text-color has-link-color has-medium-font-size wp-elements-fde9b453c829edbd9fb7dc79078db26b\">Nous avons ainsi obtenu&nbsp;: l\u2019\u00e9largissement des trottoirs (rues Sedaine et Popincourt), et le changement d\u2019horaire du ramassage des poubelles. Avec l\u2019ACCPPF, nous avons distribu\u00e9 un tract (en fran\u00e7ais et chinois) rappelant que \u00ab&nbsp;La propret\u00e9 du quartier est l\u2019affaire de tous&nbsp;\u00bb.<\/p>\n\n\n\n<p class=\"has-neve-link-hover-color-color has-text-color has-link-color has-medium-font-size wp-elements-c8c657bea3c2dd2ee472b60374bc2f0d\"><strong>Rediversification \u00e9conomique du quartier&nbsp;:<\/strong><\/p>\n\n\n\n<p class=\"has-neve-link-hover-color-color has-text-color has-link-color has-medium-font-size wp-elements-189c8b6cdd4839b4b912a204793668d0\">Depuis 2004, l\u2019ASQP a collabor\u00e9 avec la Semaest lors de ses diff\u00e9rentes missions de revitalisation commerciale du quartier&nbsp;: communication sur les locaux disponibles, sur les demandes de locaux par des entrepreneurs.<\/p>\n\n\n\n<p class=\"has-neve-link-hover-color-color has-text-color has-link-color has-medium-font-size wp-elements-117cf714678bcd971e709c67b228f1c9\">-&gt; En 2006&nbsp;: Les \u00ab&nbsp;entrep\u00f4ts&nbsp;\u00bb sont d\u00e9sormais interdits en pied d\u2019immeuble d\u2019habitation.&nbsp;<\/p>\n\n\n\n<p class=\"has-neve-link-hover-color-color has-text-color has-link-color has-medium-font-size wp-elements-4bad783018990bb7361d71d234af87fc\">Suite \u00e0 la mobilisation de l\u2019ASQP, la Direction de l\u2019Urbanisme a cr\u00e9\u00e9 une nouvelle d\u00e9finition de la \u00ab&nbsp;destination&nbsp;\u00bb des locaux dans le cadre du Plan Local d\u2019Urbanisme (PLU). Cette cat\u00e9gorie permet d\u2019interdire les commerces de gros en pied d\u2019immeuble d\u2019habitation, mais aussi les \u00ab&nbsp;Dark store&nbsp;\u00bb qui nuisent aux commerces de proximit\u00e9 (voir \u00ab&nbsp;nos combats&nbsp;\u00bb).<\/p>\n\n\n\n<p class=\"has-neve-link-hover-color-color has-text-color has-link-color has-medium-font-size wp-elements-40a013687ea6ba4fde75bf5ba2887cc1\">Depuis le d\u00e9part des grossistes vers le centre d\u2019Aubervilliers et l\u2019installation dans les ann\u00e9es 2010 de nouveaux commerces ind\u00e9pendamment des missions de la Semaest, l\u2019ASQP soutient \u00e9galement directement leurs promoteurs.&nbsp;<\/p>\n\n\n\n<p class=\"has-neve-link-hover-color-color has-text-color has-link-color has-medium-font-size wp-elements-bec4d998255f124ee3ebea205724d5fb\">Avec l\u2019aide de Rodolphe Cotelle, consultant en Economie sociale et solidaire (ESS) travaillant dans notre quartier, l\u2019ASQP a organis\u00e9 en 2004 un march\u00e9 \u00ab&nbsp;Equit\u00e9co&nbsp;\u00bb. Puis nous avons red\u00e9fini en 2016 l\u2019objet de l\u2019association&nbsp;: pour un \u00ab&nbsp;quartier en transition&nbsp;\u00bb (Voir \u00ab&nbsp;nos combats&nbsp;\u00bb&nbsp;: Soutien \u00e0 la diversit\u00e9 commerciale, Territoire Z\u00e9ro D\u00e9chet,&nbsp; Monnaie locale. (Voir la contribution de l\u2019ASQP au \u00ab&nbsp;Grand d\u00e9bat national&nbsp;\u00bb, 2019).<\/p>\n\n\n\n<p class=\"has-neve-link-hover-color-color has-text-color has-link-color has-medium-font-size wp-elements-2dc0e1798d934f29a71dcd4ec65afb1b\">Apr\u00e8s l\u2019installation de nombreux \u201ccommerces fant\u00f4mes\u201d fonctionnant sur le \u201cclick and collect\u201d (dark Stores), l\u2019ASQP a fait reconna\u00eetre ces commerces comme des \u201centrep\u00f4ts\u201d, dont l\u2019installation au pied d\u2019immeubles d\u2019habitation est interdite depuis la r\u00e9glementation du PLU 2006 (Plan Local d\u2019Urbanisme). Les proc\u00e9dures de verbalisation et de fermeture sont en cours depuis 2022; elles doivent s\u2019appliquer dans toute la Ville de Paris (d\u2019autres villes de France sont concern\u00e9es et pourraient adopter ces proc\u00e9dures).<\/p>\n\n\n\n<p><\/p>\n\n\n\n<p class=\"has-neve-link-hover-color-color has-text-color has-link-color has-medium-font-size wp-elements-70e00141904fe69e33353bae359bd339\"><strong>Relations de l\u2019ASQP avec les commer\u00e7ants grossistes chinois&nbsp;:<\/strong><\/p>\n\n\n\n<p class=\"has-neve-link-hover-color-color has-text-color has-link-color has-medium-font-size wp-elements-ef3326ad638541ccd01e8326e12f8461\">Deux projections-d\u00e9bats ont permis d\u2019impliquer les commer\u00e7ants chinois dans nos d\u00e9bats sur la vie du quartier&nbsp;:&nbsp;<strong>en 2007<\/strong>, autour du film \u00ab&nbsp;Les sentiers chinois de la r\u00e9ussite&nbsp;\u00bb, d\u2019Olivier Horn et Estelle Waechter (aussi diffus\u00e9 sur France 5)&nbsp;; et&nbsp;<strong>en 2008<\/strong>&nbsp;autour du film \u00ab&nbsp;Le l\u00e0-bas des Chinois d\u2019ici&nbsp;\u00bb, d\u2019Estelle et Betty Auguin, r\u00e9alis\u00e9 sur la base d\u2019une \u00e9tude ethnologique de terrain dans la r\u00e9gion de Wenzhou. Lors du d\u00e9bat, un doctorant italien qui menait une th\u00e8se sur une concentration similaire de grossistes dans le centre de la Ville de Rome nous a permis de comparer les r\u00e9ponses de la municipalit\u00e9 avec celles de la Ville de Paris. Les affiches sont ci-dessous.<\/p>\n\n\n<div class=\"wp-block-image\">\n<figure class=\"alignright size-large is-resized\"><img loading=\"lazy\" decoding=\"async\" width=\"725\" height=\"1024\" src=\"https:\/\/www.asqp.org\/wp-content\/uploads\/2024\/01\/Affiche-les-sentiers-chinois-22-mai-07.doc-725x1024.jpg\" alt=\"\" class=\"wp-image-351\" style=\"width:521px;height:auto\" srcset=\"https:\/\/www.asqp.org\/wp-content\/uploads\/2024\/01\/Affiche-les-sentiers-chinois-22-mai-07.doc-725x1024.jpg 725w, https:\/\/www.asqp.org\/wp-content\/uploads\/2024\/01\/Affiche-les-sentiers-chinois-22-mai-07.doc-212x300.jpg 212w, https:\/\/www.asqp.org\/wp-content\/uploads\/2024\/01\/Affiche-les-sentiers-chinois-22-mai-07.doc-768x1085.jpg 768w, https:\/\/www.asqp.org\/wp-content\/uploads\/2024\/01\/Affiche-les-sentiers-chinois-22-mai-07.doc-1087x1536.jpg 1087w, https:\/\/www.asqp.org\/wp-content\/uploads\/2024\/01\/Affiche-les-sentiers-chinois-22-mai-07.doc.jpg 1241w\" sizes=\"auto, (max-width: 725px) 100vw, 725px\" \/><\/figure>\n<\/div>\n\n<div class=\"wp-block-image\">\n<figure class=\"alignleft size-large is-resized\"><img loading=\"lazy\" decoding=\"async\" width=\"725\" height=\"1024\" src=\"https:\/\/www.asqp.org\/wp-content\/uploads\/2024\/01\/LDH_ASQP_19-Juin_2008-Flyer.doc-725x1024.jpg\" alt=\"\" class=\"wp-image-352\" style=\"width:521px;height:auto\" srcset=\"https:\/\/www.asqp.org\/wp-content\/uploads\/2024\/01\/LDH_ASQP_19-Juin_2008-Flyer.doc-725x1024.jpg 725w, https:\/\/www.asqp.org\/wp-content\/uploads\/2024\/01\/LDH_ASQP_19-Juin_2008-Flyer.doc-212x300.jpg 212w, https:\/\/www.asqp.org\/wp-content\/uploads\/2024\/01\/LDH_ASQP_19-Juin_2008-Flyer.doc-768x1085.jpg 768w, https:\/\/www.asqp.org\/wp-content\/uploads\/2024\/01\/LDH_ASQP_19-Juin_2008-Flyer.doc-1087x1536.jpg 1087w, https:\/\/www.asqp.org\/wp-content\/uploads\/2024\/01\/LDH_ASQP_19-Juin_2008-Flyer.doc.jpg 1241w\" sizes=\"auto, (max-width: 725px) 100vw, 725px\" \/><\/figure>\n<\/div>\n\n\n<hr class=\"wp-block-separator has-text-color has-nv-site-bg-color has-alpha-channel-opacity has-nv-site-bg-background-color has-background\"\/>\n\n\n\n<p><\/p>\n\n\n\n<p><\/p>\n\n\n\n<p><\/p>\n\n\n\n<p><\/p>\n\n\n\n<p><\/p>\n\n\n\n<p class=\"has-neve-link-hover-color-color has-text-color has-link-color has-medium-font-size wp-elements-1a2f5bb1c165deb3c9885caaa48a7395\">Estelle Auguin et l\u2019association Hui-ji ont ensuite aid\u00e9 l\u2019ASQP \u00e0 organiser avec l\u2019ACCPPF une \u00ab&nbsp;<strong>F\u00eate de la lune<\/strong>&nbsp;\u00bb, facilitant des \u00e9changes plus personnels entre riverains et grossistes. Apr\u00e8s sa 1<sup>\u00e8re<\/sup>&nbsp;\u00e9dition en octobre 2009, nous avons continu\u00e9 ensemble chaque ann\u00e9e jusqu\u2019en 2016.&nbsp;Quelques photos ci-dessous de la premi\u00e8re \u00e9dition.<\/p>\n\n\n<div class=\"wp-block-image\">\n<figure class=\"alignleft size-large is-resized\"><img loading=\"lazy\" decoding=\"async\" width=\"1024\" height=\"768\" src=\"https:\/\/www.asqp.org\/wp-content\/uploads\/2024\/01\/Benevoles-et-masques-BIEN-1024x768.jpg\" alt=\"\" class=\"wp-image-353\" style=\"width:512px;height:auto\" srcset=\"https:\/\/www.asqp.org\/wp-content\/uploads\/2024\/01\/Benevoles-et-masques-BIEN-1024x768.jpg 1024w, https:\/\/www.asqp.org\/wp-content\/uploads\/2024\/01\/Benevoles-et-masques-BIEN-300x225.jpg 300w, https:\/\/www.asqp.org\/wp-content\/uploads\/2024\/01\/Benevoles-et-masques-BIEN-768x576.jpg 768w, https:\/\/www.asqp.org\/wp-content\/uploads\/2024\/01\/Benevoles-et-masques-BIEN-1536x1152.jpg 1536w, https:\/\/www.asqp.org\/wp-content\/uploads\/2024\/01\/Benevoles-et-masques-BIEN-2048x1536.jpg 2048w\" sizes=\"auto, (max-width: 1024px) 100vw, 1024px\" \/><\/figure>\n<\/div>\n\n<div class=\"wp-block-image\">\n<figure class=\"alignright size-large is-resized\"><img loading=\"lazy\" decoding=\"async\" width=\"1024\" height=\"768\" src=\"https:\/\/www.asqp.org\/wp-content\/uploads\/2024\/01\/Jeunes-de-Hui-Ji-et-Richard-Beraha-1024x768.jpg\" alt=\"\" class=\"wp-image-354\" style=\"width:512px;height:auto\" srcset=\"https:\/\/www.asqp.org\/wp-content\/uploads\/2024\/01\/Jeunes-de-Hui-Ji-et-Richard-Beraha-1024x768.jpg 1024w, https:\/\/www.asqp.org\/wp-content\/uploads\/2024\/01\/Jeunes-de-Hui-Ji-et-Richard-Beraha-300x225.jpg 300w, https:\/\/www.asqp.org\/wp-content\/uploads\/2024\/01\/Jeunes-de-Hui-Ji-et-Richard-Beraha-768x576.jpg 768w, https:\/\/www.asqp.org\/wp-content\/uploads\/2024\/01\/Jeunes-de-Hui-Ji-et-Richard-Beraha-1536x1152.jpg 1536w, https:\/\/www.asqp.org\/wp-content\/uploads\/2024\/01\/Jeunes-de-Hui-Ji-et-Richard-Beraha-2048x1536.jpg 2048w\" sizes=\"auto, (max-width: 1024px) 100vw, 1024px\" \/><\/figure>\n<\/div>\n\n\n<hr class=\"wp-block-separator has-text-color has-nv-site-bg-color has-alpha-channel-opacity has-nv-site-bg-background-color has-background\"\/>\n\n\n\n<p><\/p>\n\n\n\n<p><\/p>\n\n\n<div class=\"wp-block-image\">\n<figure class=\"alignleft size-large is-resized\"><img loading=\"lazy\" decoding=\"async\" width=\"1024\" height=\"768\" src=\"https:\/\/www.asqp.org\/wp-content\/uploads\/2024\/01\/Nadine-Masques-et-Gateaux-de-lune-1024x768.jpg\" alt=\"\" class=\"wp-image-355\" style=\"width:514px;height:auto\" srcset=\"https:\/\/www.asqp.org\/wp-content\/uploads\/2024\/01\/Nadine-Masques-et-Gateaux-de-lune-1024x768.jpg 1024w, https:\/\/www.asqp.org\/wp-content\/uploads\/2024\/01\/Nadine-Masques-et-Gateaux-de-lune-300x225.jpg 300w, https:\/\/www.asqp.org\/wp-content\/uploads\/2024\/01\/Nadine-Masques-et-Gateaux-de-lune-768x576.jpg 768w, https:\/\/www.asqp.org\/wp-content\/uploads\/2024\/01\/Nadine-Masques-et-Gateaux-de-lune-1536x1152.jpg 1536w, https:\/\/www.asqp.org\/wp-content\/uploads\/2024\/01\/Nadine-Masques-et-Gateaux-de-lune-2048x1536.jpg 2048w\" sizes=\"auto, (max-width: 1024px) 100vw, 1024px\" \/><\/figure>\n<\/div>\n\n<div class=\"wp-block-image\">\n<figure class=\"alignright size-full is-resized\"><img loading=\"lazy\" decoding=\"async\" width=\"1024\" height=\"768\" src=\"https:\/\/www.asqp.org\/wp-content\/uploads\/2024\/01\/Phases-de-la-lune-Dessins-enfants2.jpg\" alt=\"\" class=\"wp-image-356\" style=\"width:515px;height:auto\" srcset=\"https:\/\/www.asqp.org\/wp-content\/uploads\/2024\/01\/Phases-de-la-lune-Dessins-enfants2.jpg 1024w, https:\/\/www.asqp.org\/wp-content\/uploads\/2024\/01\/Phases-de-la-lune-Dessins-enfants2-300x225.jpg 300w, https:\/\/www.asqp.org\/wp-content\/uploads\/2024\/01\/Phases-de-la-lune-Dessins-enfants2-768x576.jpg 768w\" sizes=\"auto, (max-width: 1024px) 100vw, 1024px\" \/><\/figure>\n<\/div>\n\n\n<hr class=\"wp-block-separator has-text-color has-nv-site-bg-color has-alpha-channel-opacity has-nv-site-bg-background-color has-background\"\/>\n\n\n\n<p><\/p>\n\n\n\n<p><\/p>\n\n\n\n<p><\/p>\n\n\n\n<p><\/p>\n\n\n\n<p class=\"has-neve-link-hover-color-color has-text-color has-link-color has-medium-font-size wp-elements-75ff66edcc9e72c17750875284549f5a\"><strong>\u00ab\u00a0Popincourt d\u2019ici et d\u2019ailleurs\u00a0: m\u00e9moires tiss\u00e9es, voix tiss\u00e9es \u00bb<\/strong>\u00a0: ces 3 soir\u00e9es de rencontre se sont tenues\u00a0<strong>en mai et juin 2011<\/strong>. R\u00e9cits crois\u00e9s de m\u00e9moire (la 1<sup>\u00e8re<\/sup>\u00a0soir\u00e9e, \u00e0 la Mairie du 11\u00e8me) puis deux soir\u00e9es musicales\u00a0: il s\u2019agissait de rappeler l\u2019histoire ancienne du quartier, avec ses vagues migratoires diverses dont celle des Jud\u00e9o-espagnols venus de l\u2019Empire ottoman dans les ann\u00e9es 1910-1930. Une mani\u00e8re de sensibiliser les commer\u00e7ants chinois \u00e0 ceux qui les avaient pr\u00e9c\u00e9d\u00e9s ici, qui travaillaient aussi comme grossistes mais dans le \u00ab\u00a0blanc\u00a0\u00bb (linge de maison). Une manifestation interculturelle\u00a0r\u00e9ussie : <a href=\"https:\/\/www.dailymotion.com\/video\/xl5j46\">https:\/\/www.dailymotion.com\/video\/xl5j46<\/a> (montage vid\u00e9o de la soir\u00e9e de 20 minutes), <a href=\"https:\/\/www.dailymotion.com\/video\/x8rpwry\">https:\/\/www.dailymotion.com\/video\/x8rpwry<\/a> (duo de piano de 2 minutes).<\/p>\n\n\n\n<p class=\"has-neve-link-hover-color-color has-text-color has-link-color has-medium-font-size wp-elements-db89ee02846e148fbdf1b2389bcb6139\">Depuis&nbsp;2012, l\u2019ASQP participe \u00e0 la f\u00eate du Nouvel an chinois coorganis\u00e9e par la Mairie du 11<sup>e<\/sup>&nbsp;avec l\u2019ACCPPF.<\/p>\n\n\n\n<p><\/p>\n","protected":false},"excerpt":{"rendered":"<p>La lutte pour la diversit\u00e9 commerciale est une des principales raisons pourquoi l\u2019association s\u2019est cr\u00e9\u00e9e. En effet, en 1995, sous le nom de \u00ab Sauvegarde du quartier Popincourt \u00bb, l\u2019association essaie de pr\u00e9server la diversit\u00e9 commerciale du quartier contre l\u2019arriv\u00e9e de nombreux grossistes de v\u00eatements. Ces derniers causant nombre de probl\u00e8mes dans le quartier :&hellip;&nbsp;<a href=\"https:\/\/www.asqp.org\/?page_id=86\" class=\"\" rel=\"bookmark\">Lire la suite &raquo;<span class=\"screen-reader-text\">Diversit\u00e9 commerciale\u00a0(lutte contre la monoactivit\u00e9, soutien aux commer\u00e7ants locaux, PLU\u2026)<\/span><\/a><\/p>\n","protected":false},"author":1,"featured_media":0,"parent":0,"menu_order":0,"comment_status":"closed","ping_status":"closed","template":"","meta":{"neve_meta_sidebar":"","neve_meta_container":"","neve_meta_enable_content_width":"","neve_meta_content_width":0,"neve_meta_title_alignment":"","neve_meta_author_avatar":"","neve_post_elements_order":"","neve_meta_disable_header":"","neve_meta_disable_footer":"","neve_meta_disable_title":"","footnotes":""},"class_list":["post-86","page","type-page","status-publish","hentry"],"yoast_head":"<!-- This site is optimized with the Yoast SEO plugin v21.4 - https:\/\/yoast.com\/wordpress\/plugins\/seo\/ -->\n<title>% - Agir Solidairement pour le Quartier Popincourt<\/title>\n<meta name=\"description\" content=\"ASQP est une association de quartier situ\u00e9 \u00e0 Popincourt dans 11\u00e8me arrondissement de Paris\" \/>\n<meta name=\"robots\" content=\"index, follow, max-snippet:-1, max-image-preview:large, max-video-preview:-1\" \/>\n<link rel=\"canonical\" href=\"https:\/\/www.asqp.org\/?page_id=86\" \/>\n<meta property=\"og:locale\" content=\"fr_FR\" \/>\n<meta property=\"og:type\" content=\"article\" \/>\n<meta property=\"og:title\" content=\"% - Agir Solidairement pour le Quartier Popincourt\" \/>\n<meta property=\"og:description\" content=\"ASQP est une association de quartier situ\u00e9 \u00e0 Popincourt dans 11\u00e8me arrondissement de Paris\" \/>\n<meta property=\"og:url\" content=\"https:\/\/www.asqp.org\/?page_id=86\" \/>\n<meta property=\"og:site_name\" content=\"Agir Solidairement pour le Quartier Popincourt\" \/>\n<meta property=\"article:publisher\" content=\"https:\/\/www.facebook.com\/ASQP75011\/\" \/>\n<meta property=\"article:modified_time\" content=\"2024-01-24T20:21:05+00:00\" \/>\n<meta property=\"og:image\" content=\"https:\/\/www.asqp.org\/wp-content\/uploads\/2024\/01\/Affiche-les-sentiers-chinois-22-mai-07.doc-725x1024.jpg\" \/>\n<meta name=\"twitter:card\" content=\"summary_large_image\" \/>\n<meta name=\"twitter:label1\" content=\"Dur\u00e9e de lecture estim\u00e9e\" \/>\n\t<meta name=\"twitter:data1\" content=\"6 minutes\" \/>\n<script type=\"application\/ld+json\" class=\"yoast-schema-graph\">{\"@context\":\"https:\/\/schema.org\",\"@graph\":[{\"@type\":\"WebPage\",\"@id\":\"https:\/\/www.asqp.org\/?page_id=86\",\"url\":\"https:\/\/www.asqp.org\/?page_id=86\",\"name\":\"% - Agir Solidairement pour le Quartier Popincourt\",\"isPartOf\":{\"@id\":\"https:\/\/www.asqp.org\/#website\"},\"datePublished\":\"2022-08-30T22:38:03+00:00\",\"dateModified\":\"2024-01-24T20:21:05+00:00\",\"description\":\"ASQP est une association de quartier situ\u00e9 \u00e0 Popincourt dans 11\u00e8me arrondissement de Paris\",\"breadcrumb\":{\"@id\":\"https:\/\/www.asqp.org\/?page_id=86#breadcrumb\"},\"inLanguage\":\"fr-FR\",\"potentialAction\":[{\"@type\":\"ReadAction\",\"target\":[\"https:\/\/www.asqp.org\/?page_id=86\"]}]},{\"@type\":\"BreadcrumbList\",\"@id\":\"https:\/\/www.asqp.org\/?page_id=86#breadcrumb\",\"itemListElement\":[{\"@type\":\"ListItem\",\"position\":1,\"name\":\"Accueil\",\"item\":\"https:\/\/www.asqp.org\/\"},{\"@type\":\"ListItem\",\"position\":2,\"name\":\"Diversit\u00e9 commerciale\u00a0(lutte contre la monoactivit\u00e9, soutien aux commer\u00e7ants locaux, PLU\u2026)\"}]},{\"@type\":\"WebSite\",\"@id\":\"https:\/\/www.asqp.org\/#website\",\"url\":\"https:\/\/www.asqp.org\/\",\"name\":\"Agir Solidairement pour le Quartier Popincourt\",\"description\":\"ASQP est une association de quartier situ\u00e9 \u00e0 Popincourt dans le 11\u00e8me arrondissement de Paris\",\"publisher\":{\"@id\":\"https:\/\/www.asqp.org\/#organization\"},\"potentialAction\":[{\"@type\":\"SearchAction\",\"target\":{\"@type\":\"EntryPoint\",\"urlTemplate\":\"https:\/\/www.asqp.org\/?s={search_term_string}\"},\"query-input\":\"required name=search_term_string\"}],\"inLanguage\":\"fr-FR\"},{\"@type\":\"Organization\",\"@id\":\"https:\/\/www.asqp.org\/#organization\",\"name\":\"Agir Solidairement pour le Quartier Popincourt\",\"url\":\"https:\/\/www.asqp.org\/\",\"logo\":{\"@type\":\"ImageObject\",\"inLanguage\":\"fr-FR\",\"@id\":\"https:\/\/www.asqp.org\/#\/schema\/logo\/image\/\",\"url\":\"https:\/\/www.asqp.org\/wp-content\/uploads\/2022\/08\/cropped-logoasqp2019_OK.png\",\"contentUrl\":\"https:\/\/www.asqp.org\/wp-content\/uploads\/2022\/08\/cropped-logoasqp2019_OK.png\",\"width\":1821,\"height\":1638,\"caption\":\"Agir Solidairement pour le Quartier Popincourt\"},\"image\":{\"@id\":\"https:\/\/www.asqp.org\/#\/schema\/logo\/image\/\"},\"sameAs\":[\"https:\/\/www.facebook.com\/ASQP75011\/\"]}]}<\/script>\n<!-- \/ Yoast SEO plugin. -->","yoast_head_json":{"title":"% - Agir Solidairement pour le Quartier Popincourt","description":"ASQP est une association de quartier situ\u00e9 \u00e0 Popincourt dans 11\u00e8me arrondissement de Paris","robots":{"index":"index","follow":"follow","max-snippet":"max-snippet:-1","max-image-preview":"max-image-preview:large","max-video-preview":"max-video-preview:-1"},"canonical":"https:\/\/www.asqp.org\/?page_id=86","og_locale":"fr_FR","og_type":"article","og_title":"% - Agir Solidairement pour le Quartier Popincourt","og_description":"ASQP est une association de quartier situ\u00e9 \u00e0 Popincourt dans 11\u00e8me arrondissement de Paris","og_url":"https:\/\/www.asqp.org\/?page_id=86","og_site_name":"Agir Solidairement pour le Quartier Popincourt","article_publisher":"https:\/\/www.facebook.com\/ASQP75011\/","article_modified_time":"2024-01-24T20:21:05+00:00","og_image":[{"url":"https:\/\/www.asqp.org\/wp-content\/uploads\/2024\/01\/Affiche-les-sentiers-chinois-22-mai-07.doc-725x1024.jpg"}],"twitter_card":"summary_large_image","twitter_misc":{"Dur\u00e9e de lecture estim\u00e9e":"6 minutes"},"schema":{"@context":"https:\/\/schema.org","@graph":[{"@type":"WebPage","@id":"https:\/\/www.asqp.org\/?page_id=86","url":"https:\/\/www.asqp.org\/?page_id=86","name":"% - Agir Solidairement pour le Quartier Popincourt","isPartOf":{"@id":"https:\/\/www.asqp.org\/#website"},"datePublished":"2022-08-30T22:38:03+00:00","dateModified":"2024-01-24T20:21:05+00:00","description":"ASQP est une association de quartier situ\u00e9 \u00e0 Popincourt dans 11\u00e8me arrondissement de Paris","breadcrumb":{"@id":"https:\/\/www.asqp.org\/?page_id=86#breadcrumb"},"inLanguage":"fr-FR","potentialAction":[{"@type":"ReadAction","target":["https:\/\/www.asqp.org\/?page_id=86"]}]},{"@type":"BreadcrumbList","@id":"https:\/\/www.asqp.org\/?page_id=86#breadcrumb","itemListElement":[{"@type":"ListItem","position":1,"name":"Accueil","item":"https:\/\/www.asqp.org\/"},{"@type":"ListItem","position":2,"name":"Diversit\u00e9 commerciale\u00a0(lutte contre la monoactivit\u00e9, soutien aux commer\u00e7ants locaux, PLU\u2026)"}]},{"@type":"WebSite","@id":"https:\/\/www.asqp.org\/#website","url":"https:\/\/www.asqp.org\/","name":"Agir Solidairement pour le Quartier Popincourt","description":"ASQP est une association de quartier situ\u00e9 \u00e0 Popincourt dans le 11\u00e8me arrondissement de Paris","publisher":{"@id":"https:\/\/www.asqp.org\/#organization"},"potentialAction":[{"@type":"SearchAction","target":{"@type":"EntryPoint","urlTemplate":"https:\/\/www.asqp.org\/?s={search_term_string}"},"query-input":"required name=search_term_string"}],"inLanguage":"fr-FR"},{"@type":"Organization","@id":"https:\/\/www.asqp.org\/#organization","name":"Agir Solidairement pour le Quartier Popincourt","url":"https:\/\/www.asqp.org\/","logo":{"@type":"ImageObject","inLanguage":"fr-FR","@id":"https:\/\/www.asqp.org\/#\/schema\/logo\/image\/","url":"https:\/\/www.asqp.org\/wp-content\/uploads\/2022\/08\/cropped-logoasqp2019_OK.png","contentUrl":"https:\/\/www.asqp.org\/wp-content\/uploads\/2022\/08\/cropped-logoasqp2019_OK.png","width":1821,"height":1638,"caption":"Agir Solidairement pour le Quartier Popincourt"},"image":{"@id":"https:\/\/www.asqp.org\/#\/schema\/logo\/image\/"},"sameAs":["https:\/\/www.facebook.com\/ASQP75011\/"]}]}},"_links":{"self":[{"href":"https:\/\/www.asqp.org\/index.php?rest_route=\/wp\/v2\/pages\/86","targetHints":{"allow":["GET"]}}],"collection":[{"href":"https:\/\/www.asqp.org\/index.php?rest_route=\/wp\/v2\/pages"}],"about":[{"href":"https:\/\/www.asqp.org\/index.php?rest_route=\/wp\/v2\/types\/page"}],"author":[{"embeddable":true,"href":"https:\/\/www.asqp.org\/index.php?rest_route=\/wp\/v2\/users\/1"}],"replies":[{"embeddable":true,"href":"https:\/\/www.asqp.org\/index.php?rest_route=%2Fwp%2Fv2%2Fcomments&post=86"}],"version-history":[{"count":12,"href":"https:\/\/www.asqp.org\/index.php?rest_route=\/wp\/v2\/pages\/86\/revisions"}],"predecessor-version":[{"id":471,"href":"https:\/\/www.asqp.org\/index.php?rest_route=\/wp\/v2\/pages\/86\/revisions\/471"}],"wp:attachment":[{"href":"https:\/\/www.asqp.org\/index.php?rest_route=%2Fwp%2Fv2%2Fmedia&parent=86"}],"curies":[{"name":"wp","href":"https:\/\/api.w.org\/{rel}","templated":true}]}}