{"id":94,"date":"2022-08-31T00:40:34","date_gmt":"2022-08-30T22:40:34","guid":{"rendered":"http:\/\/asqporn.cluster030.hosting.ovh.net\/?page_id=94"},"modified":"2024-01-24T14:08:02","modified_gmt":"2024-01-24T13:08:02","slug":"lutte-contre-la-densification-histoire-de-lilot-breguet","status":"publish","type":"page","link":"https:\/\/www.asqp.org\/?page_id=94","title":{"rendered":"Lutte contre la densification \u00a0(histoire de l\u2019\u00eelot Br\u00e9guet\u2026)"},"content":{"rendered":"\n<p><\/p>\n\n\n\n<p class=\"has-neve-link-hover-color-color has-text-color has-link-color has-medium-font-size wp-elements-1e162d7fc18a8d73c8b2114a4b8e5dd7\">De 2000 \u00e0 2015, l\u2019ASQP s\u2019est engag\u00e9e dans la transformation de l\u2019ilot Br\u00e9guet sur des parcelles qui appartenaient autrefois \u00e0 la poste.<\/p>\n\n\n<div class=\"wp-block-image\">\n<figure class=\"alignleft size-large is-resized\"><img loading=\"lazy\" decoding=\"async\" width=\"724\" height=\"1024\" src=\"https:\/\/www.asqp.org\/wp-content\/uploads\/2024\/01\/Carte-Postale-Delanoe-2003-724x1024.jpg\" alt=\"\" class=\"wp-image-330\" style=\"width:585px;height:auto\" srcset=\"https:\/\/www.asqp.org\/wp-content\/uploads\/2024\/01\/Carte-Postale-Delanoe-2003-724x1024.jpg 724w, https:\/\/www.asqp.org\/wp-content\/uploads\/2024\/01\/Carte-Postale-Delanoe-2003-212x300.jpg 212w, https:\/\/www.asqp.org\/wp-content\/uploads\/2024\/01\/Carte-Postale-Delanoe-2003-768x1086.jpg 768w, https:\/\/www.asqp.org\/wp-content\/uploads\/2024\/01\/Carte-Postale-Delanoe-2003-1086x1536.jpg 1086w, https:\/\/www.asqp.org\/wp-content\/uploads\/2024\/01\/Carte-Postale-Delanoe-2003.jpg 1240w\" sizes=\"auto, (max-width: 724px) 100vw, 724px\" \/><\/figure>\n<\/div>\n\n\n<p class=\"has-neve-link-hover-color-color has-text-color has-link-color has-medium-font-size wp-elements-165053e21095d037ed211f59bff752fd\">En 2000, la poste annonce qu\u2019elle va vendre ses locaux et lib\u00e9rer l\u2019\u00eelot Br\u00e9guet.<\/p>\n\n\n\n<p class=\"has-neve-link-hover-color-color has-text-color has-link-color has-medium-font-size wp-elements-58282fcea23dc67dbef113418eeb810a\">La ville de Paris propose de racheter les locaux afin d\u2019y installer des activit\u00e9s \u00e9conomiques diversifi\u00e9es. En 2002, la ville de Paris confirme sa d\u00e9cision de racheter les anciens locaux, s\u2019ensuit une longue p\u00e9riode de d\u00e9lib\u00e9rations quand aux propositions de transformation de l\u2019\u00eelot Br\u00e9guet qui durera jusqu\u2019en 2011. <\/p>\n\n\n<div class=\"wp-block-image\">\n<figure class=\"alignright size-large is-resized\"><img loading=\"lazy\" decoding=\"async\" width=\"1024\" height=\"725\" src=\"https:\/\/www.asqp.org\/wp-content\/uploads\/2024\/01\/Flyer-locaux-poste-dec05-1024x725.jpg\" alt=\"\" class=\"wp-image-331\" style=\"width:493px;height:auto\" srcset=\"https:\/\/www.asqp.org\/wp-content\/uploads\/2024\/01\/Flyer-locaux-poste-dec05-1024x725.jpg 1024w, https:\/\/www.asqp.org\/wp-content\/uploads\/2024\/01\/Flyer-locaux-poste-dec05-300x212.jpg 300w, https:\/\/www.asqp.org\/wp-content\/uploads\/2024\/01\/Flyer-locaux-poste-dec05-768x544.jpg 768w, https:\/\/www.asqp.org\/wp-content\/uploads\/2024\/01\/Flyer-locaux-poste-dec05-1536x1087.jpg 1536w, https:\/\/www.asqp.org\/wp-content\/uploads\/2024\/01\/Flyer-locaux-poste-dec05.jpg 1753w\" sizes=\"auto, (max-width: 1024px) 100vw, 1024px\" \/><figcaption class=\"wp-element-caption\">Action de l\u2019ASQP visant \u00e0 encourager la mairie \u00e0 cr\u00e9er un espace disponible pour tous.<\/figcaption><\/figure>\n<\/div>\n\n\n<p><\/p>\n\n\n\n<hr class=\"wp-block-separator has-text-color has-nv-site-bg-color has-alpha-channel-opacity has-nv-site-bg-background-color has-background\"\/>\n\n\n\n<hr class=\"wp-block-separator has-text-color has-nv-site-bg-color has-alpha-channel-opacity has-nv-site-bg-background-color has-background\"\/>\n\n\n\n<p><\/p>\n\n\n\n<p class=\"has-neve-link-hover-color-color has-text-color has-link-color has-medium-font-size wp-elements-11abd77194a32ed6c21408e099412bf0\">Ci-dessous, des images de l\u2019ilot Br\u00e9guet avant qu\u2019il ne soit transform\u00e9.<\/p>\n\n\n<div class=\"wp-block-image\">\n<figure class=\"alignleft size-large is-resized\"><img loading=\"lazy\" decoding=\"async\" width=\"1024\" height=\"768\" src=\"https:\/\/www.asqp.org\/wp-content\/uploads\/2024\/01\/Centre-de-Tri-Bureau-de-Poste-Garage-de-la-Poste-1024x768.jpg\" alt=\"\" class=\"wp-image-328\" style=\"width:531px;height:auto\" srcset=\"https:\/\/www.asqp.org\/wp-content\/uploads\/2024\/01\/Centre-de-Tri-Bureau-de-Poste-Garage-de-la-Poste-1024x768.jpg 1024w, https:\/\/www.asqp.org\/wp-content\/uploads\/2024\/01\/Centre-de-Tri-Bureau-de-Poste-Garage-de-la-Poste-300x225.jpg 300w, https:\/\/www.asqp.org\/wp-content\/uploads\/2024\/01\/Centre-de-Tri-Bureau-de-Poste-Garage-de-la-Poste-768x576.jpg 768w, https:\/\/www.asqp.org\/wp-content\/uploads\/2024\/01\/Centre-de-Tri-Bureau-de-Poste-Garage-de-la-Poste-1536x1152.jpg 1536w, https:\/\/www.asqp.org\/wp-content\/uploads\/2024\/01\/Centre-de-Tri-Bureau-de-Poste-Garage-de-la-Poste.jpg 2048w\" sizes=\"auto, (max-width: 1024px) 100vw, 1024px\" \/><figcaption class=\"wp-element-caption\">Image prise du haut de la rue Br\u00e9guet<\/figcaption><\/figure>\n<\/div>\n\n<div class=\"wp-block-image is-style-default\">\n<figure class=\"alignright size-large is-resized\"><img loading=\"lazy\" decoding=\"async\" width=\"1024\" height=\"768\" src=\"https:\/\/www.asqp.org\/wp-content\/uploads\/2024\/01\/Bureau-de-Poste-et-Garage-de-la-Poste-1024x768.jpg\" alt=\"\" class=\"wp-image-329\" style=\"width:531px;height:auto\" srcset=\"https:\/\/www.asqp.org\/wp-content\/uploads\/2024\/01\/Bureau-de-Poste-et-Garage-de-la-Poste-1024x768.jpg 1024w, https:\/\/www.asqp.org\/wp-content\/uploads\/2024\/01\/Bureau-de-Poste-et-Garage-de-la-Poste-300x225.jpg 300w, https:\/\/www.asqp.org\/wp-content\/uploads\/2024\/01\/Bureau-de-Poste-et-Garage-de-la-Poste-768x576.jpg 768w, https:\/\/www.asqp.org\/wp-content\/uploads\/2024\/01\/Bureau-de-Poste-et-Garage-de-la-Poste-1536x1152.jpg 1536w, https:\/\/www.asqp.org\/wp-content\/uploads\/2024\/01\/Bureau-de-Poste-et-Garage-de-la-Poste.jpg 2048w\" sizes=\"auto, (max-width: 1024px) 100vw, 1024px\" \/><figcaption class=\"wp-element-caption\">Image prise du bas de la rue Br\u00e9guet<\/figcaption><\/figure>\n<\/div>\n\n\n<p><\/p>\n\n\n\n<p><\/p>\n\n\n\n<hr class=\"wp-block-separator has-text-color has-nv-site-bg-color has-alpha-channel-opacity has-nv-site-bg-background-color has-background\"\/>\n\n\n<div class=\"wp-block-image\">\n<figure class=\"alignleft size-large is-resized\"><img loading=\"lazy\" decoding=\"async\" width=\"725\" height=\"1024\" src=\"https:\/\/www.asqp.org\/wp-content\/uploads\/2024\/01\/Tract-ASQP-visite-villa-Marces-mai-2011.doc-725x1024.jpg\" alt=\"\" class=\"wp-image-335\" style=\"width:607px;height:auto\" srcset=\"https:\/\/www.asqp.org\/wp-content\/uploads\/2024\/01\/Tract-ASQP-visite-villa-Marces-mai-2011.doc-725x1024.jpg 725w, https:\/\/www.asqp.org\/wp-content\/uploads\/2024\/01\/Tract-ASQP-visite-villa-Marces-mai-2011.doc-212x300.jpg 212w, https:\/\/www.asqp.org\/wp-content\/uploads\/2024\/01\/Tract-ASQP-visite-villa-Marces-mai-2011.doc-768x1085.jpg 768w, https:\/\/www.asqp.org\/wp-content\/uploads\/2024\/01\/Tract-ASQP-visite-villa-Marces-mai-2011.doc-1087x1536.jpg 1087w, https:\/\/www.asqp.org\/wp-content\/uploads\/2024\/01\/Tract-ASQP-visite-villa-Marces-mai-2011.doc.jpg 1241w\" sizes=\"auto, (max-width: 725px) 100vw, 725px\" \/><\/figure>\n<\/div>\n\n\n<p class=\"has-neve-link-hover-color-color has-text-color has-link-color has-medium-font-size wp-elements-7eed8ca73f3b1a67f32c2fb01d071ccf\">En 2011, la mairie annonce ses plans d\u2019am\u00e9nagement de l\u2019\u00eelot Br\u00e9guet. Il sera divis\u00e9 en 3 parcelles :<\/p>\n\n\n\n<p class=\"has-neve-link-hover-color-color has-text-color has-link-color has-medium-font-size wp-elements-f6dec9dc335767df9b5ac5c61baf34f5\">Parcelle 1 : Bureaux, commerces de proximit\u00e9. Maison des pratiques artistiques amateurs.<\/p>\n\n\n\n<p class=\"has-neve-link-hover-color-color has-text-color has-link-color has-medium-font-size wp-elements-96aa595ec5b60e41c8f9a5b894d2824f\">Parcelle 2 : Nouveau bureaux de la poste et logements sociaux.<\/p>\n\n\n\n<p class=\"has-neve-link-hover-color-color has-text-color has-link-color has-medium-font-size wp-elements-088bc4e14b9e6c5ad20aa06a00d87781\">Parcelle 3 : Logements sociaux, cr\u00e8che, jardin public, salles de sport.<\/p>\n\n\n\n<p class=\"has-neve-link-hover-color-color has-text-color has-link-color has-medium-font-size wp-elements-0baae392c22fb827b536cbdc445c3262\">L\u2019ASQP \u00e0 \u00e9t\u00e9 une partie int\u00e9grante dans la transformation de l\u2019\u00eelot Breguet. Elle a notamment pu obtenir que, \u00e0 l\u2019int\u00e9rieur de la parcelle 1 :<\/p>\n\n\n\n<p class=\"has-neve-link-hover-color-color has-text-color has-link-color has-medium-font-size wp-elements-edc8353a7a6adebb0151447c65e265a7\">1\u00b0) le r\u00e8glement de copropri\u00e9t\u00e9 interdise toute installation d\u2019une monoactivit\u00e9 industrielle\u00a0; une garantie suppl\u00e9mentaire r\u00e9side dans l\u2019acquisition par la Mairie de Paris d\u2019un des locaux du b\u00e2timent, devenu la MPAA (Maison des Pratiques Artistiques Amateurs), un lieu d\u2019animation suppl\u00e9mentaire pour notre quartier\u00a0;<\/p>\n\n\n\n<p class=\"has-neve-link-hover-color-color has-text-color has-link-color has-medium-font-size wp-elements-b50fa61603ae70ef35bfe38b739839fc\">2\u00b0) le passage entre les rues Br\u00e9guet et Chemin vert soit ouvert au public&nbsp;;<\/p>\n\n\n\n<p class=\"has-neve-link-hover-color-color has-text-color has-link-color has-medium-font-size wp-elements-4312e94bdf16e335e5949238612d9abc\">3\u00b0) les locaux en rez-de-chauss\u00e9e (c\u00f4t\u00e9s Br\u00e9guet et Chemin vert) soient am\u00e9nag\u00e9s par la Semaest en commerces de proximit\u00e9.<\/p>\n\n\n\n<p class=\"has-neve-link-hover-color-color has-text-color has-link-color has-medium-font-size wp-elements-94b505f9f73dea8d1b9a3259c03bf7ce\">4\u00b0) Acc\u00e8s du public \u00e0 la terrasse (clause encore refus\u00e9e \u00e0 ce jour par le locataire Publicis)<\/p>\n\n\n\n<p class=\"has-neve-link-hover-color-color has-text-color has-link-color has-medium-font-size wp-elements-a7b1f3c67a3aac9bb31f432afe692cf9\">5\u00b0) La parcelle 3&nbsp;: sur cette parcelle acquise par la Mairie de Paris, le b\u00e2timent a \u00e9t\u00e9 d\u00e9truit pour laisser place \u00e0 un projet diversifi\u00e9, dont la d\u00e9finition a \u00e9t\u00e9 \u00e9labor\u00e9e avec l\u2019ASQP&nbsp;: logements sociaux, cr\u00e8che, salles de sport, et un jardin ouvert sur la rue Br\u00e9guet. Ce jardin a \u00e9t\u00e9 inaugur\u00e9 le 5 Mai 2021, portant les noms du couple \u201cLouise Talbot et Augustin Avrial\u201d, ouvriers militants du 11\u00e8me au 19\u00e8 si\u00e8cle.&nbsp;<\/p>\n\n\n\n<p class=\"has-neve-link-hover-color-color has-text-color has-link-color has-medium-font-size wp-elements-d7b50694ada50e5e88e5850c12deb634\">Ci-dessous, des images de l\u2019\u00eelot Br\u00e9guet depuis son r\u00e9am\u00e9nagement.<\/p>\n\n\n<div class=\"wp-block-image\">\n<figure class=\"alignleft size-full is-resized\"><img loading=\"lazy\" decoding=\"async\" width=\"800\" height=\"534\" src=\"https:\/\/www.asqp.org\/wp-content\/uploads\/2024\/01\/image-1.png\" alt=\"\" class=\"wp-image-339\" style=\"width:517px;height:auto\" srcset=\"https:\/\/www.asqp.org\/wp-content\/uploads\/2024\/01\/image-1.png 800w, https:\/\/www.asqp.org\/wp-content\/uploads\/2024\/01\/image-1-300x200.png 300w, https:\/\/www.asqp.org\/wp-content\/uploads\/2024\/01\/image-1-768x513.png 768w\" sizes=\"auto, (max-width: 800px) 100vw, 800px\" \/><figcaption class=\"wp-element-caption\">Image prise depuis la rue Br\u00e9guet<\/figcaption><\/figure>\n<\/div>\n\n<div class=\"wp-block-image\">\n<figure class=\"alignright size-full is-resized\"><img loading=\"lazy\" decoding=\"async\" width=\"1024\" height=\"683\" src=\"https:\/\/www.asqp.org\/wp-content\/uploads\/2024\/01\/image-2.png\" alt=\"\" class=\"wp-image-340\" style=\"width:572px;height:auto\" srcset=\"https:\/\/www.asqp.org\/wp-content\/uploads\/2024\/01\/image-2.png 1024w, https:\/\/www.asqp.org\/wp-content\/uploads\/2024\/01\/image-2-300x200.png 300w, https:\/\/www.asqp.org\/wp-content\/uploads\/2024\/01\/image-2-768x512.png 768w, https:\/\/www.asqp.org\/wp-content\/uploads\/2024\/01\/image-2-930x620.png 930w\" sizes=\"auto, (max-width: 1024px) 100vw, 1024px\" \/><figcaption class=\"wp-element-caption\">Image prise \u00e0 l\u2019int\u00e9rieur de l\u2019\u00eclot Br\u00e9guet<\/figcaption><\/figure>\n<\/div>\n\n\n<p><\/p>\n\n\n\n<p><\/p>\n\n\n\n<p><\/p>\n\n\n\n<p><\/p>\n\n\n\n<p><\/p>\n","protected":false},"excerpt":{"rendered":"<p>De 2000 \u00e0 2015, l\u2019ASQP s\u2019est engag\u00e9e dans la transformation de l\u2019ilot Br\u00e9guet sur des parcelles qui appartenaient autrefois \u00e0 la poste. En 2000, la poste annonce qu\u2019elle va vendre ses locaux et lib\u00e9rer l\u2019\u00eelot Br\u00e9guet. La ville de Paris propose de racheter les locaux afin d\u2019y installer des activit\u00e9s \u00e9conomiques diversifi\u00e9es. En 2002, la&hellip;&nbsp;<a href=\"https:\/\/www.asqp.org\/?page_id=94\" class=\"\" rel=\"bookmark\">Lire la suite &raquo;<span class=\"screen-reader-text\">Lutte contre la densification \u00a0(histoire de l\u2019\u00eelot Br\u00e9guet\u2026)<\/span><\/a><\/p>\n","protected":false},"author":1,"featured_media":0,"parent":0,"menu_order":0,"comment_status":"closed","ping_status":"closed","template":"","meta":{"neve_meta_sidebar":"","neve_meta_container":"","neve_meta_enable_content_width":"","neve_meta_content_width":0,"neve_meta_title_alignment":"","neve_meta_author_avatar":"","neve_post_elements_order":"","neve_meta_disable_header":"","neve_meta_disable_footer":"","neve_meta_disable_title":"","footnotes":""},"class_list":["post-94","page","type-page","status-publish","hentry"],"yoast_head":"<!-- This site is optimized with the Yoast SEO plugin v21.4 - https:\/\/yoast.com\/wordpress\/plugins\/seo\/ -->\n<title>% - Agir Solidairement pour le Quartier Popincourt<\/title>\n<meta name=\"description\" content=\"ASQP est une association de quartier situ\u00e9 \u00e0 Popincourt dans 11\u00e8me arrondissement de Paris\" \/>\n<meta name=\"robots\" content=\"index, follow, max-snippet:-1, max-image-preview:large, max-video-preview:-1\" \/>\n<link rel=\"canonical\" href=\"https:\/\/www.asqp.org\/?page_id=94\" \/>\n<meta property=\"og:locale\" content=\"fr_FR\" \/>\n<meta property=\"og:type\" content=\"article\" \/>\n<meta property=\"og:title\" content=\"% - Agir Solidairement pour le Quartier Popincourt\" \/>\n<meta property=\"og:description\" content=\"ASQP est une association de quartier situ\u00e9 \u00e0 Popincourt dans 11\u00e8me arrondissement de Paris\" \/>\n<meta property=\"og:url\" content=\"https:\/\/www.asqp.org\/?page_id=94\" \/>\n<meta property=\"og:site_name\" content=\"Agir Solidairement pour le Quartier Popincourt\" \/>\n<meta property=\"article:publisher\" content=\"https:\/\/www.facebook.com\/ASQP75011\/\" \/>\n<meta property=\"article:modified_time\" content=\"2024-01-24T13:08:02+00:00\" \/>\n<meta property=\"og:image\" content=\"https:\/\/www.asqp.org\/wp-content\/uploads\/2024\/01\/Carte-Postale-Delanoe-2003-724x1024.jpg\" \/>\n<meta name=\"twitter:card\" content=\"summary_large_image\" \/>\n<meta name=\"twitter:label1\" content=\"Dur\u00e9e de lecture estim\u00e9e\" \/>\n\t<meta name=\"twitter:data1\" content=\"4 minutes\" \/>\n<script type=\"application\/ld+json\" class=\"yoast-schema-graph\">{\"@context\":\"https:\/\/schema.org\",\"@graph\":[{\"@type\":\"WebPage\",\"@id\":\"https:\/\/www.asqp.org\/?page_id=94\",\"url\":\"https:\/\/www.asqp.org\/?page_id=94\",\"name\":\"% - Agir Solidairement pour le Quartier Popincourt\",\"isPartOf\":{\"@id\":\"https:\/\/www.asqp.org\/#website\"},\"datePublished\":\"2022-08-30T22:40:34+00:00\",\"dateModified\":\"2024-01-24T13:08:02+00:00\",\"description\":\"ASQP est une association de quartier situ\u00e9 \u00e0 Popincourt dans 11\u00e8me arrondissement de Paris\",\"breadcrumb\":{\"@id\":\"https:\/\/www.asqp.org\/?page_id=94#breadcrumb\"},\"inLanguage\":\"fr-FR\",\"potentialAction\":[{\"@type\":\"ReadAction\",\"target\":[\"https:\/\/www.asqp.org\/?page_id=94\"]}]},{\"@type\":\"BreadcrumbList\",\"@id\":\"https:\/\/www.asqp.org\/?page_id=94#breadcrumb\",\"itemListElement\":[{\"@type\":\"ListItem\",\"position\":1,\"name\":\"Accueil\",\"item\":\"https:\/\/www.asqp.org\/\"},{\"@type\":\"ListItem\",\"position\":2,\"name\":\"Lutte contre la densification \u00a0(histoire de l\u2019\u00eelot Br\u00e9guet\u2026)\"}]},{\"@type\":\"WebSite\",\"@id\":\"https:\/\/www.asqp.org\/#website\",\"url\":\"https:\/\/www.asqp.org\/\",\"name\":\"Agir Solidairement pour le Quartier Popincourt\",\"description\":\"ASQP est une association de quartier situ\u00e9 \u00e0 Popincourt dans le 11\u00e8me arrondissement de Paris\",\"publisher\":{\"@id\":\"https:\/\/www.asqp.org\/#organization\"},\"potentialAction\":[{\"@type\":\"SearchAction\",\"target\":{\"@type\":\"EntryPoint\",\"urlTemplate\":\"https:\/\/www.asqp.org\/?s={search_term_string}\"},\"query-input\":\"required name=search_term_string\"}],\"inLanguage\":\"fr-FR\"},{\"@type\":\"Organization\",\"@id\":\"https:\/\/www.asqp.org\/#organization\",\"name\":\"Agir Solidairement pour le Quartier Popincourt\",\"url\":\"https:\/\/www.asqp.org\/\",\"logo\":{\"@type\":\"ImageObject\",\"inLanguage\":\"fr-FR\",\"@id\":\"https:\/\/www.asqp.org\/#\/schema\/logo\/image\/\",\"url\":\"https:\/\/www.asqp.org\/wp-content\/uploads\/2022\/08\/cropped-logoasqp2019_OK.png\",\"contentUrl\":\"https:\/\/www.asqp.org\/wp-content\/uploads\/2022\/08\/cropped-logoasqp2019_OK.png\",\"width\":1821,\"height\":1638,\"caption\":\"Agir Solidairement pour le Quartier Popincourt\"},\"image\":{\"@id\":\"https:\/\/www.asqp.org\/#\/schema\/logo\/image\/\"},\"sameAs\":[\"https:\/\/www.facebook.com\/ASQP75011\/\"]}]}<\/script>\n<!-- \/ Yoast SEO plugin. -->","yoast_head_json":{"title":"% - Agir Solidairement pour le Quartier Popincourt","description":"ASQP est une association de quartier situ\u00e9 \u00e0 Popincourt dans 11\u00e8me arrondissement de Paris","robots":{"index":"index","follow":"follow","max-snippet":"max-snippet:-1","max-image-preview":"max-image-preview:large","max-video-preview":"max-video-preview:-1"},"canonical":"https:\/\/www.asqp.org\/?page_id=94","og_locale":"fr_FR","og_type":"article","og_title":"% - Agir Solidairement pour le Quartier Popincourt","og_description":"ASQP est une association de quartier situ\u00e9 \u00e0 Popincourt dans 11\u00e8me arrondissement de Paris","og_url":"https:\/\/www.asqp.org\/?page_id=94","og_site_name":"Agir Solidairement pour le Quartier Popincourt","article_publisher":"https:\/\/www.facebook.com\/ASQP75011\/","article_modified_time":"2024-01-24T13:08:02+00:00","og_image":[{"url":"https:\/\/www.asqp.org\/wp-content\/uploads\/2024\/01\/Carte-Postale-Delanoe-2003-724x1024.jpg"}],"twitter_card":"summary_large_image","twitter_misc":{"Dur\u00e9e de lecture estim\u00e9e":"4 minutes"},"schema":{"@context":"https:\/\/schema.org","@graph":[{"@type":"WebPage","@id":"https:\/\/www.asqp.org\/?page_id=94","url":"https:\/\/www.asqp.org\/?page_id=94","name":"% - Agir Solidairement pour le Quartier Popincourt","isPartOf":{"@id":"https:\/\/www.asqp.org\/#website"},"datePublished":"2022-08-30T22:40:34+00:00","dateModified":"2024-01-24T13:08:02+00:00","description":"ASQP est une association de quartier situ\u00e9 \u00e0 Popincourt dans 11\u00e8me arrondissement de Paris","breadcrumb":{"@id":"https:\/\/www.asqp.org\/?page_id=94#breadcrumb"},"inLanguage":"fr-FR","potentialAction":[{"@type":"ReadAction","target":["https:\/\/www.asqp.org\/?page_id=94"]}]},{"@type":"BreadcrumbList","@id":"https:\/\/www.asqp.org\/?page_id=94#breadcrumb","itemListElement":[{"@type":"ListItem","position":1,"name":"Accueil","item":"https:\/\/www.asqp.org\/"},{"@type":"ListItem","position":2,"name":"Lutte contre la densification \u00a0(histoire de l\u2019\u00eelot Br\u00e9guet\u2026)"}]},{"@type":"WebSite","@id":"https:\/\/www.asqp.org\/#website","url":"https:\/\/www.asqp.org\/","name":"Agir Solidairement pour le Quartier Popincourt","description":"ASQP est une association de quartier situ\u00e9 \u00e0 Popincourt dans le 11\u00e8me arrondissement de Paris","publisher":{"@id":"https:\/\/www.asqp.org\/#organization"},"potentialAction":[{"@type":"SearchAction","target":{"@type":"EntryPoint","urlTemplate":"https:\/\/www.asqp.org\/?s={search_term_string}"},"query-input":"required name=search_term_string"}],"inLanguage":"fr-FR"},{"@type":"Organization","@id":"https:\/\/www.asqp.org\/#organization","name":"Agir Solidairement pour le Quartier Popincourt","url":"https:\/\/www.asqp.org\/","logo":{"@type":"ImageObject","inLanguage":"fr-FR","@id":"https:\/\/www.asqp.org\/#\/schema\/logo\/image\/","url":"https:\/\/www.asqp.org\/wp-content\/uploads\/2022\/08\/cropped-logoasqp2019_OK.png","contentUrl":"https:\/\/www.asqp.org\/wp-content\/uploads\/2022\/08\/cropped-logoasqp2019_OK.png","width":1821,"height":1638,"caption":"Agir Solidairement pour le Quartier Popincourt"},"image":{"@id":"https:\/\/www.asqp.org\/#\/schema\/logo\/image\/"},"sameAs":["https:\/\/www.facebook.com\/ASQP75011\/"]}]}},"_links":{"self":[{"href":"https:\/\/www.asqp.org\/index.php?rest_route=\/wp\/v2\/pages\/94","targetHints":{"allow":["GET"]}}],"collection":[{"href":"https:\/\/www.asqp.org\/index.php?rest_route=\/wp\/v2\/pages"}],"about":[{"href":"https:\/\/www.asqp.org\/index.php?rest_route=\/wp\/v2\/types\/page"}],"author":[{"embeddable":true,"href":"https:\/\/www.asqp.org\/index.php?rest_route=\/wp\/v2\/users\/1"}],"replies":[{"embeddable":true,"href":"https:\/\/www.asqp.org\/index.php?rest_route=%2Fwp%2Fv2%2Fcomments&post=94"}],"version-history":[{"count":12,"href":"https:\/\/www.asqp.org\/index.php?rest_route=\/wp\/v2\/pages\/94\/revisions"}],"predecessor-version":[{"id":423,"href":"https:\/\/www.asqp.org\/index.php?rest_route=\/wp\/v2\/pages\/94\/revisions\/423"}],"wp:attachment":[{"href":"https:\/\/www.asqp.org\/index.php?rest_route=%2Fwp%2Fv2%2Fmedia&parent=94"}],"curies":[{"name":"wp","href":"https:\/\/api.w.org\/{rel}","templated":true}]}}